{"id":69,"date":"2020-07-30T09:31:34","date_gmt":"2020-07-30T09:31:34","guid":{"rendered":"https:\/\/rebecca.az-theme.net\/?page_id=69"},"modified":"2025-02-28T12:23:33","modified_gmt":"2025-02-28T12:23:33","slug":"about","status":"publish","type":"page","link":"https:\/\/organizsara.ch\/index.php\/about\/","title":{"rendered":"\u00dcber mich"},"content":{"rendered":"\t\t<div data-elementor-type=\"wp-page\" data-elementor-id=\"69\" class=\"elementor elementor-69\">\n\t\t\t\t\t\t<section class=\"elementor-section elementor-top-section elementor-element elementor-element-19409277 elementor-section-boxed elementor-section-height-default elementor-section-height-default\" data-id=\"19409277\" data-element_type=\"section\" data-e-type=\"section\">\n\t\t\t\t\t\t<div class=\"elementor-container elementor-column-gap-default\">\n\t\t\t\t\t<div class=\"elementor-column elementor-col-100 elementor-top-column elementor-element elementor-element-56617a9\" data-id=\"56617a9\" data-element_type=\"column\" data-e-type=\"column\">\n\t\t\t<div class=\"elementor-widget-wrap elementor-element-populated\">\n\t\t\t\t\t\t<div class=\"elementor-element elementor-element-dfa862f elementor-widget elementor-widget-text-editor\" data-id=\"dfa862f\" data-element_type=\"widget\" data-e-type=\"widget\" data-widget_type=\"text-editor.default\">\n\t\t\t\t<div class=\"elementor-widget-container\">\n\t\t\t\t\t\t\t\t\t<p>Im Sommer 2020 hatte ich ein Burnout. Und pl\u00f6tzlich musste ich mich mit Fragen auseinandersetzen, die ich mir bis zu diesem Zeitpunkt noch nie gestellt hatte. Wer bin ich \u00fcberhaupt? Was m\u00f6chte ich? Wie soll meine private und berufliche Zukunft aussehen? Denn f\u00fcr mich war klar: An die alte Arbeitsstelle konnte ich nicht mehr zur\u00fcckkehren.\u00a0<\/p><p>Als ich mich dann nach einiger Zeit wieder etwas erholt hatte, war mir immer noch nicht klar, wie es beruflich f\u00fcr mich weitergehen soll. Ich hatte pl\u00f6tzlich viel Zeit und da merkte ich, dass ich gar nicht zufrieden war mit meiner Wohnung. Irgendwie st\u00f6rten mich pl\u00f6tzlich Dinge und Einteilungen, die ich fr\u00fcher einfach nicht beachtet hatte. Also mache ich mich daran, meine Wohnung auf Vordermann zu bringen. Ich weiss nicht, wie viele Stunden ich auf Pinterest, Instagram, Netflix und in Buchhandlungen verbracht hatte, doch ich machte mich schlau \u00fcber die verschiedensten Ordnungsmethoden und schliesslich hatte ich meine Wohnung so eingerichtet, dass ich wirklich gl\u00fccklich und zufrieden war. Ich konnte mich entspannen und Kraft tanken.\u00a0<\/p><p>Voller Stolz zeigte ich jedem Besucher, der es wollte (oder auch nicht) meine neuen Ordnungssysteme. Und als meine Tante zu Besuch war und ich ihr alles gezeigt hatte, sagte ich den Satz, der alles ver\u00e4ndern sollte: &#8222;Wenn ich Aufr\u00e4umen zum Beruf machen k\u00f6nnte, w\u00fcrde f\u00fcr mich ein Traum in Erf\u00fcllung gehen!&#8220;<\/p><p>Schliesslich stiess ich per Zufall auf ein Angebot, bei dem man sich zum Ordnungscoach ausbilden lassen konnte. Ich musste nicht lange \u00fcberlegen, und so meldete ich mich kurzerhand an.<\/p><p>Und nun stehe ich hier, mit meinem wahr gewordenen Traum, und freue mich jedes Mal riesig, wenn ich jemandem helfen kann, Ordnung in sein zu Hause und sein Leben zu bringen!<\/p>\t\t\t\t\t\t\t\t<\/div>\n\t\t\t\t<\/div>\n\t\t\t\t\t<\/div>\n\t\t<\/div>\n\t\t\t\t\t<\/div>\n\t\t<\/section>\n\t\t\t\t<section class=\"elementor-section elementor-top-section elementor-element elementor-element-8388883 elementor-section-boxed elementor-section-height-default elementor-section-height-default\" data-id=\"8388883\" data-element_type=\"section\" data-e-type=\"section\">\n\t\t\t\t\t\t<div class=\"elementor-container elementor-column-gap-default\">\n\t\t\t\t\t<div class=\"elementor-column elementor-col-100 elementor-top-column elementor-element elementor-element-766d900\" data-id=\"766d900\" data-element_type=\"column\" data-e-type=\"column\">\n\t\t\t<div class=\"elementor-widget-wrap elementor-element-populated\">\n\t\t\t\t\t\t<div class=\"elementor-element elementor-element-125a278 elementor-widget elementor-widget-image\" data-id=\"125a278\" data-element_type=\"widget\" data-e-type=\"widget\" data-widget_type=\"image.default\">\n\t\t\t\t<div class=\"elementor-widget-container\">\n\t\t\t\t\t\t\t\t\t\t\t\t\t\t\t<img decoding=\"async\" src=\"https:\/\/organizsara.ch\/wp-content\/uploads\/elementor\/thumbs\/29_rh_Sara_Ritzmann_1-2025-01-31-15_13_42-scaled-r265oo2c6vsnkp0vek2q648polxdcpdohqqle4d6m0.jpg\" title=\"PORTRAIT ORDNUNGSCOACH SARA RITZMANN\" alt=\"PORTRAIT ORDNUNGSCOACH SARA RITZMANN\nZu Besuch bei Ordnungscoach Sara Ritzmann, in ihrer Wohnung ist alles feins\u00e4uberlich und \u00fcbersichtlich verstaut,  am Dienstag, 28. Januar 2025. (Melanie Duchene \/ Schaffhauser Nachrichten)\" loading=\"lazy\" \/>\t\t\t\t\t\t\t\t\t\t\t\t\t\t\t<\/div>\n\t\t\t\t<\/div>\n\t\t\t\t\t<\/div>\n\t\t<\/div>\n\t\t\t\t\t<\/div>\n\t\t<\/section>\n\t\t\t\t<\/div>\n\t\t","protected":false},"excerpt":{"rendered":"<p>Im Sommer 2020 hatte ich ein Burnout. Und pl\u00f6tzlich musste ich mich mit Fragen auseinandersetzen, die ich mir bis zu diesem Zeitpunkt noch nie gestellt hatte. Wer bin ich \u00fcberhaupt? Was m\u00f6chte ich? Wie soll meine private und berufliche Zukunft aussehen? Denn f\u00fcr mich war klar: An die alte Arbeitsstelle konnte ich nicht mehr zur\u00fcckkehren.\u00a0 Als ich mich dann nach einiger Zeit wieder etwas erholt hatte, war mir immer noch nicht klar, wie es beruflich f\u00fcr mich weitergehen soll. Ich hatte pl\u00f6tzlich viel Zeit und da merkte ich, dass ich gar nicht zufrieden war mit meiner Wohnung. Irgendwie st\u00f6rten mich [&hellip;]<\/p>\n","protected":false},"author":1,"featured_media":0,"parent":0,"menu_order":0,"comment_status":"closed","ping_status":"closed","template":"","meta":{"om_disable_all_campaigns":false,"wprm-recipe-roundup-name":"","wprm-recipe-roundup-description":"","_monsterinsights_skip_tracking":false,"footnotes":""},"class_list":["post-69","page","type-page","status-publish","hentry"],"aioseo_notices":[],"aioseo_head":"\n\t\t<!-- All in One SEO 5.0.1.1 - aioseo.com -->\n\t<meta name=\"description\" content=\"Im Sommer 2020 hatte ich ein Burnout. Und pl\u00f6tzlich musste ich mich mit Fragen auseinandersetzen, die ich mir bis zu diesem Zeitpunkt noch nie gestellt hatte. Wer bin ich \u00fcberhaupt? Was m\u00f6chte ich? Wie soll meine private und berufliche Zukunft aussehen? Denn f\u00fcr mich war klar: An die alte Arbeitsstelle konnte ich nicht mehr zur\u00fcckkehren.\" \/>\n\t<meta name=\"robots\" content=\"max-image-preview:large\" \/>\n\t<meta name=\"google-site-verification\" content=\"jYZM4egHslr9LHL8isfgCObmKVl72TXI11uZtIgu2KY\" \/>\n\t<link rel=\"canonical\" href=\"https:\/\/organizsara.ch\/index.php\/about\/\" \/>\n\t<meta name=\"generator\" content=\"All in One SEO (AIOSEO) 5.0.1.1\" \/>\n\t\t<meta property=\"og:locale\" content=\"de_DE\" \/>\n\t\t<meta property=\"og:site_name\" content=\"Organizsara - Just another WordPress site\" \/>\n\t\t<meta property=\"og:type\" content=\"article\" \/>\n\t\t<meta property=\"og:title\" content=\"\u00dcber mich - Organizsara\" \/>\n\t\t<meta property=\"og:description\" content=\"Im Sommer 2020 hatte ich ein Burnout. Und pl\u00f6tzlich musste ich mich mit Fragen auseinandersetzen, die ich mir bis zu diesem Zeitpunkt noch nie gestellt hatte. Wer bin ich \u00fcberhaupt? Was m\u00f6chte ich? Wie soll meine private und berufliche Zukunft aussehen? Denn f\u00fcr mich war klar: An die alte Arbeitsstelle konnte ich nicht mehr zur\u00fcckkehren.\" \/>\n\t\t<meta property=\"og:url\" content=\"https:\/\/organizsara.ch\/index.php\/about\/\" \/>\n\t\t<meta property=\"og:image\" content=\"https:\/\/organizsara.ch\/wp-content\/uploads\/2021\/04\/cropped-Logo_schlicht.png\" \/>\n\t\t<meta property=\"og:image:secure_url\" content=\"https:\/\/organizsara.ch\/wp-content\/uploads\/2021\/04\/cropped-Logo_schlicht.png\" \/>\n\t\t<meta property=\"article:published_time\" content=\"2020-07-30T09:31:34+00:00\" \/>\n\t\t<meta property=\"article:modified_time\" content=\"2025-02-28T12:23:33+00:00\" \/>\n\t\t<meta property=\"article:publisher\" content=\"https:\/\/www.facebook.com\/organizsara.ch\" \/>\n\t\t<meta name=\"twitter:card\" content=\"summary\" \/>\n\t\t<meta name=\"twitter:title\" content=\"\u00dcber mich - Organizsara\" \/>\n\t\t<meta name=\"twitter:description\" content=\"Im Sommer 2020 hatte ich ein Burnout. Und pl\u00f6tzlich musste ich mich mit Fragen auseinandersetzen, die ich mir bis zu diesem Zeitpunkt noch nie gestellt hatte. Wer bin ich \u00fcberhaupt? Was m\u00f6chte ich? Wie soll meine private und berufliche Zukunft aussehen? Denn f\u00fcr mich war klar: An die alte Arbeitsstelle konnte ich nicht mehr zur\u00fcckkehren.\" \/>\n\t\t<meta name=\"twitter:image\" content=\"https:\/\/organizsara.ch\/wp-content\/uploads\/2021\/04\/cropped-Logo_schlicht.png\" \/>\n\t\t<script type=\"application\/ld+json\" class=\"aioseo-schema\">\n\t\t\t{\"@context\":\"https:\\\/\\\/schema.org\",\"@graph\":[{\"@type\":\"BreadcrumbList\",\"@id\":\"https:\\\/\\\/organizsara.ch\\\/index.php\\\/about\\\/#breadcrumblist\",\"itemListElement\":[{\"@type\":\"ListItem\",\"@id\":\"https:\\\/\\\/organizsara.ch#listItem\",\"position\":1,\"name\":\"Home\",\"item\":\"https:\\\/\\\/organizsara.ch\",\"nextItem\":{\"@type\":\"ListItem\",\"@id\":\"https:\\\/\\\/organizsara.ch\\\/index.php\\\/about\\\/#listItem\",\"name\":\"\\u00dcber mich\"}},{\"@type\":\"ListItem\",\"@id\":\"https:\\\/\\\/organizsara.ch\\\/index.php\\\/about\\\/#listItem\",\"position\":2,\"name\":\"\\u00dcber mich\",\"previousItem\":{\"@type\":\"ListItem\",\"@id\":\"https:\\\/\\\/organizsara.ch#listItem\",\"name\":\"Home\"}}]},{\"@type\":\"Organization\",\"@id\":\"https:\\\/\\\/organizsara.ch\\\/#organization\",\"name\":\"OrganizSara\",\"description\":\"Just another WordPress site Ich bin Sara Ritzmann, zertifizierte Ordnungscoachin aus Schaffhausen. Mit OrganizSara unterst\\u00fctze ich dich dabei, wieder Ordnung, Struktur und Klarheit in dein Zuhause oder dein Business zu bringen \\u2013 ganz individuell und mit System. Ob Kleiderschrank, K\\u00fcche, Keller oder Homeoffice: Gemeinsam schaffen wir nachhaltige Ordnung, die zu deinem Alltag passt. Ich begleite dich pers\\u00f6nlich, mit viel Feingef\\u00fchl und einem Blick f\\u00fcr praktische L\\u00f6sungen. \\ud83c\\udf3f Ordnung schaffen \\ud83e\\uddf9 Chaos bew\\u00e4ltigen \\ud83e\\uddfa Aufr\\u00e4umhilfe im Alltag \\ud83d\\udcbc Coaching f\\u00fcr Familien, Singles &amp; Unternehmen\",\"url\":\"https:\\\/\\\/organizsara.ch\\\/\",\"telephone\":\"+41774483638\",\"logo\":{\"@type\":\"ImageObject\",\"url\":\"https:\\\/\\\/organizsara.ch\\\/wp-content\\\/uploads\\\/2021\\\/04\\\/Logo_schlicht.png\",\"@id\":\"https:\\\/\\\/organizsara.ch\\\/index.php\\\/about\\\/#organizationLogo\",\"width\":500,\"height\":500},\"image\":{\"@id\":\"https:\\\/\\\/organizsara.ch\\\/index.php\\\/about\\\/#organizationLogo\"},\"sameAs\":[\"https:\\\/\\\/www.facebook.com\\\/organizsara.ch\",\"https:\\\/\\\/www.instagram.com\\\/organizsara.ch\\\/\"]},{\"@type\":\"WebPage\",\"@id\":\"https:\\\/\\\/organizsara.ch\\\/index.php\\\/about\\\/#webpage\",\"url\":\"https:\\\/\\\/organizsara.ch\\\/index.php\\\/about\\\/\",\"name\":\"\\u00dcber mich - Organizsara\",\"description\":\"Im Sommer 2020 hatte ich ein Burnout. Und pl\\u00f6tzlich musste ich mich mit Fragen auseinandersetzen, die ich mir bis zu diesem Zeitpunkt noch nie gestellt hatte. Wer bin ich \\u00fcberhaupt? Was m\\u00f6chte ich? Wie soll meine private und berufliche Zukunft aussehen? Denn f\\u00fcr mich war klar: An die alte Arbeitsstelle konnte ich nicht mehr zur\\u00fcckkehren.\",\"inLanguage\":\"de-DE\",\"isPartOf\":{\"@id\":\"https:\\\/\\\/organizsara.ch\\\/#website\"},\"breadcrumb\":{\"@id\":\"https:\\\/\\\/organizsara.ch\\\/index.php\\\/about\\\/#breadcrumblist\"},\"datePublished\":\"2020-07-30T09:31:34+00:00\",\"dateModified\":\"2025-02-28T12:23:33+00:00\"},{\"@type\":\"WebSite\",\"@id\":\"https:\\\/\\\/organizsara.ch\\\/#website\",\"url\":\"https:\\\/\\\/organizsara.ch\\\/\",\"name\":\"Organizsara\",\"description\":\"Just another WordPress site\",\"inLanguage\":\"de-DE\",\"publisher\":{\"@id\":\"https:\\\/\\\/organizsara.ch\\\/#organization\"}}]}\n\t\t<\/script>\n\t\t<!-- All in One SEO -->\n\n","aioseo_head_json":{"title":"\u00dcber mich - Organizsara","description":"Im Sommer 2020 hatte ich ein Burnout. Und pl\u00f6tzlich musste ich mich mit Fragen auseinandersetzen, die ich mir bis zu diesem Zeitpunkt noch nie gestellt hatte. Wer bin ich \u00fcberhaupt? Was m\u00f6chte ich? Wie soll meine private und berufliche Zukunft aussehen? Denn f\u00fcr mich war klar: An die alte Arbeitsstelle konnte ich nicht mehr zur\u00fcckkehren.","canonical_url":"https:\/\/organizsara.ch\/index.php\/about\/","robots":"max-image-preview:large","keywords":"","webmasterTools":{"google-site-verification":"jYZM4egHslr9LHL8isfgCObmKVl72TXI11uZtIgu2KY","miscellaneous":""},"schema":{"@context":"https:\/\/schema.org","@graph":[{"@type":"BreadcrumbList","@id":"https:\/\/organizsara.ch\/index.php\/about\/#breadcrumblist","itemListElement":[{"@type":"ListItem","@id":"https:\/\/organizsara.ch#listItem","position":1,"name":"Home","item":"https:\/\/organizsara.ch","nextItem":{"@type":"ListItem","@id":"https:\/\/organizsara.ch\/index.php\/about\/#listItem","name":"\u00dcber mich"}},{"@type":"ListItem","@id":"https:\/\/organizsara.ch\/index.php\/about\/#listItem","position":2,"name":"\u00dcber mich","previousItem":{"@type":"ListItem","@id":"https:\/\/organizsara.ch#listItem","name":"Home"}}]},{"@type":"Organization","@id":"https:\/\/organizsara.ch\/#organization","name":"OrganizSara","description":"Just another WordPress site Ich bin Sara Ritzmann, zertifizierte Ordnungscoachin aus Schaffhausen. Mit OrganizSara unterst\u00fctze ich dich dabei, wieder Ordnung, Struktur und Klarheit in dein Zuhause oder dein Business zu bringen \u2013 ganz individuell und mit System. Ob Kleiderschrank, K\u00fcche, Keller oder Homeoffice: Gemeinsam schaffen wir nachhaltige Ordnung, die zu deinem Alltag passt. Ich begleite dich pers\u00f6nlich, mit viel Feingef\u00fchl und einem Blick f\u00fcr praktische L\u00f6sungen. \ud83c\udf3f Ordnung schaffen \ud83e\uddf9 Chaos bew\u00e4ltigen \ud83e\uddfa Aufr\u00e4umhilfe im Alltag \ud83d\udcbc Coaching f\u00fcr Familien, Singles &amp; Unternehmen","url":"https:\/\/organizsara.ch\/","telephone":"+41774483638","logo":{"@type":"ImageObject","url":"https:\/\/organizsara.ch\/wp-content\/uploads\/2021\/04\/Logo_schlicht.png","@id":"https:\/\/organizsara.ch\/index.php\/about\/#organizationLogo","width":500,"height":500},"image":{"@id":"https:\/\/organizsara.ch\/index.php\/about\/#organizationLogo"},"sameAs":["https:\/\/www.facebook.com\/organizsara.ch","https:\/\/www.instagram.com\/organizsara.ch\/"]},{"@type":"WebPage","@id":"https:\/\/organizsara.ch\/index.php\/about\/#webpage","url":"https:\/\/organizsara.ch\/index.php\/about\/","name":"\u00dcber mich - Organizsara","description":"Im Sommer 2020 hatte ich ein Burnout. Und pl\u00f6tzlich musste ich mich mit Fragen auseinandersetzen, die ich mir bis zu diesem Zeitpunkt noch nie gestellt hatte. Wer bin ich \u00fcberhaupt? Was m\u00f6chte ich? Wie soll meine private und berufliche Zukunft aussehen? Denn f\u00fcr mich war klar: An die alte Arbeitsstelle konnte ich nicht mehr zur\u00fcckkehren.","inLanguage":"de-DE","isPartOf":{"@id":"https:\/\/organizsara.ch\/#website"},"breadcrumb":{"@id":"https:\/\/organizsara.ch\/index.php\/about\/#breadcrumblist"},"datePublished":"2020-07-30T09:31:34+00:00","dateModified":"2025-02-28T12:23:33+00:00"},{"@type":"WebSite","@id":"https:\/\/organizsara.ch\/#website","url":"https:\/\/organizsara.ch\/","name":"Organizsara","description":"Just another WordPress site","inLanguage":"de-DE","publisher":{"@id":"https:\/\/organizsara.ch\/#organization"}}]},"og:locale":"de_DE","og:site_name":"Organizsara - Just another WordPress site","og:type":"article","og:title":"\u00dcber mich - Organizsara","og:description":"Im Sommer 2020 hatte ich ein Burnout. Und pl\u00f6tzlich musste ich mich mit Fragen auseinandersetzen, die ich mir bis zu diesem Zeitpunkt noch nie gestellt hatte. Wer bin ich \u00fcberhaupt? Was m\u00f6chte ich? Wie soll meine private und berufliche Zukunft aussehen? Denn f\u00fcr mich war klar: An die alte Arbeitsstelle konnte ich nicht mehr zur\u00fcckkehren.","og:url":"https:\/\/organizsara.ch\/index.php\/about\/","og:image":"https:\/\/organizsara.ch\/wp-content\/uploads\/2021\/04\/cropped-Logo_schlicht.png","og:image:secure_url":"https:\/\/organizsara.ch\/wp-content\/uploads\/2021\/04\/cropped-Logo_schlicht.png","article:published_time":"2020-07-30T09:31:34+00:00","article:modified_time":"2025-02-28T12:23:33+00:00","article:publisher":"https:\/\/www.facebook.com\/organizsara.ch","twitter:card":"summary","twitter:title":"\u00dcber mich - Organizsara","twitter:description":"Im Sommer 2020 hatte ich ein Burnout. Und pl\u00f6tzlich musste ich mich mit Fragen auseinandersetzen, die ich mir bis zu diesem Zeitpunkt noch nie gestellt hatte. Wer bin ich \u00fcberhaupt? Was m\u00f6chte ich? Wie soll meine private und berufliche Zukunft aussehen? Denn f\u00fcr mich war klar: An die alte Arbeitsstelle konnte ich nicht mehr zur\u00fcckkehren.","twitter:image":"https:\/\/organizsara.ch\/wp-content\/uploads\/2021\/04\/cropped-Logo_schlicht.png"},"aioseo_meta_data":{"post_id":"69","title":null,"description":null,"keywords":[],"keyphrases":{"focus":[],"additional":[]},"primary_term":null,"canonical_url":null,"og_title":null,"og_description":null,"og_object_type":"default","og_image_type":"default","og_image_url":null,"og_image_width":null,"og_image_height":null,"og_image_custom_url":null,"og_image_custom_fields":null,"og_video":"","og_custom_url":null,"og_article_section":null,"og_article_tags":[],"twitter_use_og":false,"twitter_card":"default","twitter_image_type":"default","twitter_image_url":null,"twitter_image_custom_url":null,"twitter_image_custom_fields":null,"twitter_title":null,"twitter_description":null,"schema":{"blockGraphs":[],"customGraphs":[],"default":{"data":{"Article":[],"Course":[],"Dataset":[],"FAQPage":[],"Movie":[],"Person":[],"Product":[],"ProductReview":[],"Car":[],"Recipe":[],"Service":[],"SoftwareApplication":[],"WebPage":{"id":"aioseo-web-page-637f3bc5a05f3","slug":"web-page","graphName":"WebPage","label":"Web Page","properties":{"type":"WebPage","name":"","description":""}}},"graphName":"WebPage","isEnabled":true},"graphs":[]},"schema_type":"default","schema_type_options":"{\"article\":{\"articleType\":\"BlogPosting\"},\"course\":{\"name\":\"\",\"description\":\"\",\"provider\":\"\"},\"faq\":{\"pages\":[]},\"product\":{\"reviews\":[]},\"recipe\":{\"ingredients\":[],\"instructions\":[],\"keywords\":[]},\"software\":{\"reviews\":[],\"operatingSystems\":[]},\"webPage\":{\"webPageType\":\"WebPage\"}}","pillar_content":false,"robots_default":true,"robots_noindex":false,"robots_noarchive":false,"robots_nosnippet":false,"robots_nofollow":false,"robots_noimageindex":false,"robots_noodp":false,"robots_notranslate":false,"robots_max_snippet":"-1","robots_max_videopreview":"-1","robots_max_imagepreview":"large","priority":null,"frequency":"default","local_seo":{"locations":{"business":{"name":"","businessType":"","image":"","areaServed":"","urls":{"website":"","aboutPage":"","contactPage":""},"address":{"streetLine1":"","streetLine2":"","zipCode":"","city":"","state":"","country":"","addressFormat":"#streetLineOne\n#streetLineTwo\n#city, #state #zipCode"},"contact":{"phone":"","email":"","fax":""},"ids":{"vat":"","tax":"","chamberOfCommerce":""},"payment":{"priceRange":"","currenciesAccepted":"","methods":""}}},"openingHours":{"useDefaults":true,"show":true,"alwaysOpen":false,"use24hFormat":false,"timezone":"","labels":{"closed":"","alwaysOpen":""},"days":{"monday":{"open24h":false,"closed":false,"openTime":"09:00","closeTime":"17:00"},"tuesday":{"open24h":false,"closed":false,"openTime":"09:00","closeTime":"17:00"},"wednesday":{"open24h":false,"closed":false,"openTime":"09:00","closeTime":"17:00"},"thursday":{"open24h":false,"closed":false,"openTime":"09:00","closeTime":"17:00"},"friday":{"open24h":false,"closed":false,"openTime":"09:00","closeTime":"17:00"},"saturday":{"open24h":false,"closed":false,"openTime":"09:00","closeTime":"17:00"},"sunday":{"open24h":false,"closed":false,"openTime":"09:00","closeTime":"17:00"}}}},"breadcrumb_settings":null,"limit_modified_date":false,"ai":null,"created":"2021-04-18 14:34:12","updated":"2025-06-23 15:32:53","seo_analyzer_scan_date":null,"focus_keyword":null,"additional_keywords":null,"truseo_locale":null},"aioseo_breadcrumb":"<div class=\"aioseo-breadcrumbs\"><span class=\"aioseo-breadcrumb\">\n\t\t\t<a href=\"https:\/\/organizsara.ch\" title=\"Home\">Home<\/a>\n\t\t<\/span><span class=\"aioseo-breadcrumb-separator\">&raquo;<\/span><span class=\"aioseo-breadcrumb\">\n\t\t\t\u00dcber mich\n\t\t<\/span><\/div>","aioseo_breadcrumb_json":[{"label":"Home","link":"https:\/\/organizsara.ch"},{"label":"\u00dcber mich","link":"https:\/\/organizsara.ch\/index.php\/about\/"}],"_links":{"self":[{"href":"https:\/\/organizsara.ch\/index.php\/wp-json\/wp\/v2\/pages\/69","targetHints":{"allow":["GET"]}}],"collection":[{"href":"https:\/\/organizsara.ch\/index.php\/wp-json\/wp\/v2\/pages"}],"about":[{"href":"https:\/\/organizsara.ch\/index.php\/wp-json\/wp\/v2\/types\/page"}],"author":[{"embeddable":true,"href":"https:\/\/organizsara.ch\/index.php\/wp-json\/wp\/v2\/users\/1"}],"replies":[{"embeddable":true,"href":"https:\/\/organizsara.ch\/index.php\/wp-json\/wp\/v2\/comments?post=69"}],"version-history":[{"count":52,"href":"https:\/\/organizsara.ch\/index.php\/wp-json\/wp\/v2\/pages\/69\/revisions"}],"predecessor-version":[{"id":1245,"href":"https:\/\/organizsara.ch\/index.php\/wp-json\/wp\/v2\/pages\/69\/revisions\/1245"}],"wp:attachment":[{"href":"https:\/\/organizsara.ch\/index.php\/wp-json\/wp\/v2\/media?parent=69"}],"curies":[{"name":"wp","href":"https:\/\/api.w.org\/{rel}","templated":true}]}}