{"id":218,"date":"2020-10-30T04:26:05","date_gmt":"2020-10-30T04:26:05","guid":{"rendered":"https:\/\/rebecca.az-theme.net\/?page_id=218"},"modified":"2025-08-02T15:27:42","modified_gmt":"2025-08-02T15:27:42","slug":"blog","status":"publish","type":"page","link":"https:\/\/organizsara.ch\/index.php\/blog\/","title":{"rendered":"Blog"},"content":{"rendered":"\t\t<div data-elementor-type=\"wp-page\" data-elementor-id=\"218\" class=\"elementor elementor-218\">\n\t\t\t\t\t\t<section class=\"elementor-section elementor-top-section elementor-element elementor-element-bfd76ad elementor-section-boxed elementor-section-height-default elementor-section-height-default\" data-id=\"bfd76ad\" data-element_type=\"section\" data-e-type=\"section\">\n\t\t\t\t\t\t<div class=\"elementor-container elementor-column-gap-default\">\n\t\t\t\t\t<div class=\"elementor-column elementor-col-100 elementor-top-column elementor-element elementor-element-a3b82a2\" data-id=\"a3b82a2\" data-element_type=\"column\" data-e-type=\"column\">\n\t\t\t<div class=\"elementor-widget-wrap elementor-element-populated\">\n\t\t\t\t\t\t<div class=\"elementor-element elementor-element-5336989 elementor-position-left elementor-vertical-align-top elementor-widget elementor-widget-image-box\" data-id=\"5336989\" data-element_type=\"widget\" data-e-type=\"widget\" data-widget_type=\"image-box.default\">\n\t\t\t\t<div class=\"elementor-widget-container\">\n\t\t\t\t\t<div class=\"elementor-image-box-wrapper\"><figure class=\"elementor-image-box-img\"><a href=\"https:\/\/organizsara.ch\/index.php\/meine-fantastic-four\/\" tabindex=\"-1\"><img decoding=\"async\" src=\"https:\/\/organizsara.ch\/wp-content\/uploads\/2025\/08\/Totelbild.png\" title=\"Titelbild Fantastic Four\" alt=\"Titelbild Fantastic Four\" loading=\"lazy\" \/><\/a><\/figure><div class=\"elementor-image-box-content\"><h3 class=\"elementor-image-box-title\"><a href=\"https:\/\/organizsara.ch\/index.php\/meine-fantastic-four\/\">Meine Fantastic Four<\/a><\/h3><p class=\"elementor-image-box-description\">Im Moment l\u00e4uft gerade das Remake des Marvel-Hits \u201eFantastic Four\u201c in den Kinos. Also wird es f\u00fcr mich Zeit, dir meine Fantastic Four vorzustellen. Was das bedeutet? In diesen Bereichen arbeite ich am liebsten und w\u00fcrde mich als Profi bezeichnen. Solltest du bei einem dieser Bereiche Bauchschmerzen oder ein flaues Gef\u00fchl im Magen bekommen, weil du hier dringend Hilfe brauchst: Du weisst, wo du mich findest ;)...<\/p><\/div><\/div>\t\t\t\t<\/div>\n\t\t\t\t<\/div>\n\t\t\t\t<div class=\"elementor-element elementor-element-1da687d elementor-widget-divider--view-line elementor-widget elementor-widget-divider\" data-id=\"1da687d\" data-element_type=\"widget\" data-e-type=\"widget\" data-widget_type=\"divider.default\">\n\t\t\t\t<div class=\"elementor-widget-container\">\n\t\t\t\t\t\t\t<div class=\"elementor-divider\">\n\t\t\t<span class=\"elementor-divider-separator\">\n\t\t\t\t\t\t<\/span>\n\t\t<\/div>\n\t\t\t\t\t\t<\/div>\n\t\t\t\t<\/div>\n\t\t\t\t\t<\/div>\n\t\t<\/div>\n\t\t\t\t\t<\/div>\n\t\t<\/section>\n\t\t\t\t<section class=\"elementor-section elementor-top-section elementor-element elementor-element-5d8b0b5 elementor-section-boxed elementor-section-height-default elementor-section-height-default\" data-id=\"5d8b0b5\" data-element_type=\"section\" data-e-type=\"section\">\n\t\t\t\t\t\t<div class=\"elementor-container elementor-column-gap-default\">\n\t\t\t\t\t<div class=\"elementor-column elementor-col-100 elementor-top-column elementor-element elementor-element-3847bf8\" data-id=\"3847bf8\" data-element_type=\"column\" data-e-type=\"column\">\n\t\t\t<div class=\"elementor-widget-wrap elementor-element-populated\">\n\t\t\t\t\t\t<div class=\"elementor-element elementor-element-ac02af9 elementor-position-left elementor-vertical-align-top elementor-widget elementor-widget-image-box\" data-id=\"ac02af9\" data-element_type=\"widget\" data-e-type=\"widget\" data-widget_type=\"image-box.default\">\n\t\t\t\t<div class=\"elementor-widget-container\">\n\t\t\t\t\t<div class=\"elementor-image-box-wrapper\"><figure class=\"elementor-image-box-img\"><a href=\"https:\/\/organizsara.ch\/index.php\/sitzplatz-balkon\/\" tabindex=\"-1\"><img decoding=\"async\" src=\"https:\/\/organizsara.ch\/wp-content\/uploads\/2025\/07\/pexels-kpaukshtite-701758-scaled-e1751900631643.jpg\" title=\"pexels-kpaukshtite-701758\" alt=\"pexels-kpaukshtite-701758\" loading=\"lazy\" \/><\/a><\/figure><div class=\"elementor-image-box-content\"><h3 class=\"elementor-image-box-title\"><a href=\"https:\/\/organizsara.ch\/index.php\/sitzplatz-balkon\/\">Aufatmen im gr\u00fcnen Zimmer<\/a><\/h3><p class=\"elementor-image-box-description\">Ob du deinen Morgenkaffee auf dem Balkon geniesst oder laue Sommerabende auf dem Sitzplatz verbringst \u2013 ein aufger\u00e4umter Aussenbereich l\u00e4dt viel eher zum Verweilen ein. Doch oft sammelt sich dort alles M\u00f6gliche an: Gartenger\u00e4te, Pflanzt\u00f6pfe, leere Verpackungen oder Deko, die keinen festen Platz hat. Mit ein paar durchdachten Handgriffen l\u00e4sst sich dein Balkon oder Sitzplatz schnell in eine ruhige, aufger\u00e4umte Wohlf\u00fchlzone verwandeln...<\/p><\/div><\/div>\t\t\t\t<\/div>\n\t\t\t\t<\/div>\n\t\t\t\t<div class=\"elementor-element elementor-element-dc2dda9 elementor-widget-divider--view-line elementor-widget elementor-widget-divider\" data-id=\"dc2dda9\" data-element_type=\"widget\" data-e-type=\"widget\" data-widget_type=\"divider.default\">\n\t\t\t\t<div class=\"elementor-widget-container\">\n\t\t\t\t\t\t\t<div class=\"elementor-divider\">\n\t\t\t<span class=\"elementor-divider-separator\">\n\t\t\t\t\t\t<\/span>\n\t\t<\/div>\n\t\t\t\t\t\t<\/div>\n\t\t\t\t<\/div>\n\t\t\t\t\t<\/div>\n\t\t<\/div>\n\t\t\t\t\t<\/div>\n\t\t<\/section>\n\t\t\t\t<section class=\"elementor-section elementor-top-section elementor-element elementor-element-df000d9 elementor-section-boxed elementor-section-height-default elementor-section-height-default\" data-id=\"df000d9\" data-element_type=\"section\" data-e-type=\"section\">\n\t\t\t\t\t\t<div class=\"elementor-container elementor-column-gap-default\">\n\t\t\t\t\t<div class=\"elementor-column elementor-col-100 elementor-top-column elementor-element elementor-element-8246f70\" data-id=\"8246f70\" data-element_type=\"column\" data-e-type=\"column\">\n\t\t\t<div class=\"elementor-widget-wrap elementor-element-populated\">\n\t\t\t\t\t\t<div class=\"elementor-element elementor-element-00985ab elementor-position-left elementor-vertical-align-top elementor-widget elementor-widget-image-box\" data-id=\"00985ab\" data-element_type=\"widget\" data-e-type=\"widget\" data-widget_type=\"image-box.default\">\n\t\t\t\t<div class=\"elementor-widget-container\">\n\t\t\t\t\t<div class=\"elementor-image-box-wrapper\"><figure class=\"elementor-image-box-img\"><a href=\"https:\/\/organizsara.ch\/index.php\/ferienvorbereitungen\/\" tabindex=\"-1\"><img decoding=\"async\" src=\"https:\/\/organizsara.ch\/wp-content\/uploads\/2025\/06\/pexels-kindelmedia-8212224-scaled-e1750011311114.jpg\" title=\"pexels-kindelmedia-8212224\" alt=\"pexels-kindelmedia-8212224\" loading=\"lazy\" \/><\/a><\/figure><div class=\"elementor-image-box-content\"><h3 class=\"elementor-image-box-title\"><a href=\"https:\/\/organizsara.ch\/index.php\/ferienvorbereitungen\/\">Sommer, Sonne, Sonnenschein<\/a><\/h3><p class=\"elementor-image-box-description\">Die sch\u00f6nste Zeit des Jahres steht bevor \u2013 die Ferien! Doch bevor der Erholungsmodus starten kann, bringt die Vorbereitung oft Stress mit sich: Koffer packen, Unterlagen organisieren, nichts vergessen \u2026 Damit du entspannt in den Urlaub starten kannst, kommen hier f\u00fcnf einfache, aber wirkungsvoll Tipps f\u00fcr eine stressfreie Ferienvorbereitung...<\/p><\/div><\/div>\t\t\t\t<\/div>\n\t\t\t\t<\/div>\n\t\t\t\t<div class=\"elementor-element elementor-element-a7884c4 elementor-widget-divider--view-line elementor-widget elementor-widget-divider\" data-id=\"a7884c4\" data-element_type=\"widget\" data-e-type=\"widget\" data-widget_type=\"divider.default\">\n\t\t\t\t<div class=\"elementor-widget-container\">\n\t\t\t\t\t\t\t<div class=\"elementor-divider\">\n\t\t\t<span class=\"elementor-divider-separator\">\n\t\t\t\t\t\t<\/span>\n\t\t<\/div>\n\t\t\t\t\t\t<\/div>\n\t\t\t\t<\/div>\n\t\t\t\t\t<\/div>\n\t\t<\/div>\n\t\t\t\t\t<\/div>\n\t\t<\/section>\n\t\t\t\t<section class=\"elementor-section elementor-top-section elementor-element elementor-element-268d8c0 elementor-section-boxed elementor-section-height-default elementor-section-height-default\" data-id=\"268d8c0\" data-element_type=\"section\" data-e-type=\"section\">\n\t\t\t\t\t\t<div class=\"elementor-container elementor-column-gap-default\">\n\t\t\t\t\t<div class=\"elementor-column elementor-col-100 elementor-top-column elementor-element elementor-element-fc57821\" data-id=\"fc57821\" data-element_type=\"column\" data-e-type=\"column\">\n\t\t\t<div class=\"elementor-widget-wrap elementor-element-populated\">\n\t\t\t\t\t\t<div class=\"elementor-element elementor-element-b6d8a4d elementor-position-left elementor-vertical-align-top elementor-widget elementor-widget-image-box\" data-id=\"b6d8a4d\" data-element_type=\"widget\" data-e-type=\"widget\" data-widget_type=\"image-box.default\">\n\t\t\t\t<div class=\"elementor-widget-container\">\n\t\t\t\t\t<div class=\"elementor-image-box-wrapper\"><figure class=\"elementor-image-box-img\"><a href=\"https:\/\/organizsara.ch\/index.php\/auto\/\" tabindex=\"-1\"><img decoding=\"async\" src=\"https:\/\/organizsara.ch\/wp-content\/uploads\/2025\/05\/pexels-pixabay-35967-scaled-e1746543123531.jpg\" title=\"pexels-pixabay-35967\" alt=\"pexels-pixabay-35967\" loading=\"lazy\" \/><\/a><\/figure><div class=\"elementor-image-box-content\"><h3 class=\"elementor-image-box-title\"><a href=\"https:\/\/organizsara.ch\/index.php\/auto\/\">Kofferraumkultur<\/a><\/h3><p class=\"elementor-image-box-description\">Ein aufger\u00e4umtes Auto macht jede Fahrt angenehmer, sicherer und effizienter. Ob du viel pendelst, mit Kindern unterwegs bist oder einfach gerne ein sauberes Fahrzeug hast \u2013 Ordnung im Auto spart nicht nur Zeit, sondern reduziert auch Stress. Hier sind f\u00fcnf erprobte Tipps, die dir helfen, dein Auto dauerhaft ordentlich zu halten...<\/p><\/div><\/div>\t\t\t\t<\/div>\n\t\t\t\t<\/div>\n\t\t\t\t<div class=\"elementor-element elementor-element-c16ef31 elementor-widget-divider--view-line elementor-widget elementor-widget-divider\" data-id=\"c16ef31\" data-element_type=\"widget\" data-e-type=\"widget\" data-widget_type=\"divider.default\">\n\t\t\t\t<div class=\"elementor-widget-container\">\n\t\t\t\t\t\t\t<div class=\"elementor-divider\">\n\t\t\t<span class=\"elementor-divider-separator\">\n\t\t\t\t\t\t<\/span>\n\t\t<\/div>\n\t\t\t\t\t\t<\/div>\n\t\t\t\t<\/div>\n\t\t\t\t\t<\/div>\n\t\t<\/div>\n\t\t\t\t\t<\/div>\n\t\t<\/section>\n\t\t\t\t<section class=\"elementor-section elementor-top-section elementor-element elementor-element-5a5aab7 elementor-section-boxed elementor-section-height-default elementor-section-height-default\" data-id=\"5a5aab7\" data-element_type=\"section\" data-e-type=\"section\">\n\t\t\t\t\t\t<div class=\"elementor-container elementor-column-gap-default\">\n\t\t\t\t\t<div class=\"elementor-column elementor-col-100 elementor-top-column elementor-element elementor-element-67d3e57\" data-id=\"67d3e57\" data-element_type=\"column\" data-e-type=\"column\">\n\t\t\t<div class=\"elementor-widget-wrap elementor-element-populated\">\n\t\t\t\t\t\t<div class=\"elementor-element elementor-element-39d2480 elementor-position-left elementor-vertical-align-top elementor-widget elementor-widget-image-box\" data-id=\"39d2480\" data-element_type=\"widget\" data-e-type=\"widget\" data-widget_type=\"image-box.default\">\n\t\t\t\t<div class=\"elementor-widget-container\">\n\t\t\t\t\t<div class=\"elementor-image-box-wrapper\"><figure class=\"elementor-image-box-img\"><a href=\"https:\/\/organizsara.ch\/index.php\/unordnung\/\" tabindex=\"-1\"><img decoding=\"async\" src=\"https:\/\/organizsara.ch\/wp-content\/uploads\/2025\/04\/pexels-cottonbro-6539020-scaled-e1743784847484.jpg\" title=\"pexels-cottonbro-6539020\" alt=\"pexels-cottonbro-6539020\" loading=\"lazy\" \/><\/a><\/figure><div class=\"elementor-image-box-content\"><h3 class=\"elementor-image-box-title\"><a href=\"https:\/\/organizsara.ch\/index.php\/unordnung\/\">Ich hab\u2019s im Griff \u2013 irgendwo unter dem Stapel<\/a><\/h3><p class=\"elementor-image-box-description\">Unordnung kann in verschiedenen Formen auftreten, sei es zu Hause, im B\u00fcro oder im digitalen Leben. Oft f\u00fchlt man sich von der Menge an Dingen \u00fcberw\u00e4ltigt und hat das Gef\u00fchl, die Kontrolle zu verlieren. Auch wenn wir uns nicht immer mit den Ursachen oder den Auswirkungen von Unordnung besch\u00e4ftigen wollen, gibt es einfache Wege, diese aus dem Alltag zu verbannen und das Leben wieder zu vereinfachen. Hier sind f\u00fcnf wertvolle Tipps, wie du mehr Ordnung und Klarheit in dein Leben bringst...<\/p><\/div><\/div>\t\t\t\t<\/div>\n\t\t\t\t<\/div>\n\t\t\t\t<div class=\"elementor-element elementor-element-352b3cd elementor-widget-divider--view-line elementor-widget elementor-widget-divider\" data-id=\"352b3cd\" data-element_type=\"widget\" data-e-type=\"widget\" data-widget_type=\"divider.default\">\n\t\t\t\t<div class=\"elementor-widget-container\">\n\t\t\t\t\t\t\t<div class=\"elementor-divider\">\n\t\t\t<span class=\"elementor-divider-separator\">\n\t\t\t\t\t\t<\/span>\n\t\t<\/div>\n\t\t\t\t\t\t<\/div>\n\t\t\t\t<\/div>\n\t\t\t\t\t<\/div>\n\t\t<\/div>\n\t\t\t\t\t<\/div>\n\t\t<\/section>\n\t\t\t\t<section class=\"elementor-section elementor-top-section elementor-element elementor-element-e2e07be elementor-section-boxed elementor-section-height-default elementor-section-height-default\" data-id=\"e2e07be\" data-element_type=\"section\" data-e-type=\"section\">\n\t\t\t\t\t\t<div class=\"elementor-container elementor-column-gap-default\">\n\t\t\t\t\t<div class=\"elementor-column elementor-col-100 elementor-top-column elementor-element elementor-element-46dee00\" data-id=\"46dee00\" data-element_type=\"column\" data-e-type=\"column\">\n\t\t\t<div class=\"elementor-widget-wrap elementor-element-populated\">\n\t\t\t\t\t\t<div class=\"elementor-element elementor-element-a3c4340 elementor-position-left elementor-vertical-align-top elementor-widget elementor-widget-image-box\" data-id=\"a3c4340\" data-element_type=\"widget\" data-e-type=\"widget\" data-widget_type=\"image-box.default\">\n\t\t\t\t<div class=\"elementor-widget-container\">\n\t\t\t\t\t<div class=\"elementor-image-box-wrapper\"><figure class=\"elementor-image-box-img\"><a href=\"https:\/\/organizsara.ch\/index.php\/buero\/\" tabindex=\"-1\"><img decoding=\"async\" src=\"https:\/\/organizsara.ch\/wp-content\/uploads\/elementor\/thumbs\/pexels-tirachard-kumtanom-112571-733852-scaled-e1740744916656-r265cizdwx6bm0nrat57gojdgfroxg6htndt8gd8zc.jpg\" title=\"pexels-tirachard-kumtanom-112571-733852\" alt=\"pexels-tirachard-kumtanom-112571-733852\" loading=\"lazy\" \/><\/a><\/figure><div class=\"elementor-image-box-content\"><h3 class=\"elementor-image-box-title\"><a href=\"https:\/\/organizsara.ch\/index.php\/buero\/\">Work smater, not harder<\/a><\/h3><p class=\"elementor-image-box-description\">Dieser Spruch heisst so viel wie: \u00abArbeite kl\u00fcger, nicht mehr.\u00bb Das ist oft leichter gesagt als getan. Doch mit wenigen Tricks kann dir das gelingen, und du kannst dein Zeitmanagement bei B\u00fcroarbeiten deutlich verringern.\n\nDiesen Monat dreht sich alles um die Themen \u00abB\u00fcro, Homeoffice und Arbeitszimmer.\u00bb Wir alle brauchen einen Arbeitsplatz zu Hause. Ob das ein ganzer Raum, eine kleine Ecke im Wohnzimmer oder eine Schublade in der Kommode ist: Unser Papierkram will erledigt und verstaut werden, unsere Rechnungen m\u00fcssen wir regelm\u00e4ssig bezahlen und ablegen und auch unsere Hobbys brauchen je nachdem ein Pl\u00e4tzchen...<\/p><\/div><\/div>\t\t\t\t<\/div>\n\t\t\t\t<\/div>\n\t\t\t\t<div class=\"elementor-element elementor-element-6b8a51d elementor-widget-divider--view-line elementor-widget elementor-widget-divider\" data-id=\"6b8a51d\" data-element_type=\"widget\" data-e-type=\"widget\" data-widget_type=\"divider.default\">\n\t\t\t\t<div class=\"elementor-widget-container\">\n\t\t\t\t\t\t\t<div class=\"elementor-divider\">\n\t\t\t<span class=\"elementor-divider-separator\">\n\t\t\t\t\t\t<\/span>\n\t\t<\/div>\n\t\t\t\t\t\t<\/div>\n\t\t\t\t<\/div>\n\t\t\t\t<div class=\"elementor-element elementor-element-45a3d02 elementor-position-left elementor-vertical-align-top elementor-widget elementor-widget-image-box\" data-id=\"45a3d02\" data-element_type=\"widget\" data-e-type=\"widget\" data-widget_type=\"image-box.default\">\n\t\t\t\t<div class=\"elementor-widget-container\">\n\t\t\t\t\t<div class=\"elementor-image-box-wrapper\"><figure class=\"elementor-image-box-img\"><a href=\"https:\/\/organizsara.ch\/index.php\/vorsaetze\/\" tabindex=\"-1\"><img decoding=\"async\" src=\"https:\/\/organizsara.ch\/wp-content\/uploads\/2025\/01\/Dartscheibe-scaled-e1738079665853.jpg\" title=\"Dartscheibe\" alt=\"Dartscheibe\" loading=\"lazy\" \/><\/a><\/figure><div class=\"elementor-image-box-content\"><h3 class=\"elementor-image-box-title\"><a href=\"https:\/\/organizsara.ch\/index.php\/vorsaetze\/\">Vors\u00e4tze und wie man sie h\u00e4lt<\/a><\/h3><p class=\"elementor-image-box-description\">Jedes Jahr die gleiche Frage: \u00abWas hast du dir f\u00fcr das neue Jahr vorgenommen?\u00bb Einige nerven sich dar\u00fcber, andere fangen ganz stolz an aufzulisten, was sie alles in ihrem Leben ver\u00e4ndern wollen. Und nun die Quizfrage: Wer fragt im Dezember nach, wie es gelaufen ist? Mich hat das noch nie jemand gefragt. Und wenn ich ehrlich bin, dann bin ich auch ganz froh dar\u00fcber, denn in den meisten F\u00e4llen konnte ich meine Vors\u00e4tze nicht halten...<\/p><\/div><\/div>\t\t\t\t<\/div>\n\t\t\t\t<\/div>\n\t\t\t\t<div class=\"elementor-element elementor-element-36c9bda elementor-widget-divider--view-line elementor-widget elementor-widget-divider\" data-id=\"36c9bda\" data-element_type=\"widget\" data-e-type=\"widget\" data-widget_type=\"divider.default\">\n\t\t\t\t<div class=\"elementor-widget-container\">\n\t\t\t\t\t\t\t<div class=\"elementor-divider\">\n\t\t\t<span class=\"elementor-divider-separator\">\n\t\t\t\t\t\t<\/span>\n\t\t<\/div>\n\t\t\t\t\t\t<\/div>\n\t\t\t\t<\/div>\n\t\t\t\t\t<\/div>\n\t\t<\/div>\n\t\t\t\t\t<\/div>\n\t\t<\/section>\n\t\t\t\t<section class=\"elementor-section elementor-top-section elementor-element elementor-element-c7c6761 elementor-section-boxed elementor-section-height-default elementor-section-height-default\" data-id=\"c7c6761\" data-element_type=\"section\" data-e-type=\"section\">\n\t\t\t\t\t\t<div class=\"elementor-container elementor-column-gap-default\">\n\t\t\t\t\t<div class=\"elementor-column elementor-col-100 elementor-top-column elementor-element elementor-element-3d1d00f\" data-id=\"3d1d00f\" data-element_type=\"column\" data-e-type=\"column\">\n\t\t\t<div class=\"elementor-widget-wrap elementor-element-populated\">\n\t\t\t\t\t\t<div class=\"elementor-element elementor-element-fca93e0 elementor-position-left elementor-vertical-align-top elementor-widget elementor-widget-image-box\" data-id=\"fca93e0\" data-element_type=\"widget\" data-e-type=\"widget\" data-widget_type=\"image-box.default\">\n\t\t\t\t<div class=\"elementor-widget-container\">\n\t\t\t\t\t<div class=\"elementor-image-box-wrapper\"><figure class=\"elementor-image-box-img\"><a href=\"https:\/\/organizsara.ch\/index.php\/zeitmamagement\/\" tabindex=\"-1\"><img decoding=\"async\" src=\"https:\/\/organizsara.ch\/wp-content\/uploads\/2022\/09\/Kalender-scaled.jpg\" title=\"Kalender\" alt=\"Kalender\" loading=\"lazy\" \/><\/a><\/figure><div class=\"elementor-image-box-content\"><h3 class=\"elementor-image-box-title\"><a href=\"https:\/\/organizsara.ch\/index.php\/zeitmamagement\/\">Ach du liebe Zeit...<\/a><\/h3><p class=\"elementor-image-box-description\">Etwas unglaublich wichtiges und doch meist vernachl\u00e4ssigtes Thema ist das Zeitmanagement. Gerade wenn es darum geht, Ordnung zu halten und das Chaos nicht wieder \u00fcberhand nehmen zu lassen, ist es wichtig, gut geplant zu haben.\nIn einer Zeit, in der es immer schnell gehen muss und einem die Termine manchmal nur so um die Ohren fliegen, ist es wichtig, sich Zeit zu nehmen, um sich die Zeit einzuteilen. Denn ansonsten versinken wir schnell wieder im Chaos \u2013 nicht nur materiell, sondern auch psychisch. Aber wer sich gut strukturiert, kann sich viel Stress ersparen...<\/p><\/div><\/div>\t\t\t\t<\/div>\n\t\t\t\t<\/div>\n\t\t\t\t<div class=\"elementor-element elementor-element-7b37af7 elementor-widget-divider--view-line elementor-widget elementor-widget-divider\" data-id=\"7b37af7\" data-element_type=\"widget\" data-e-type=\"widget\" data-widget_type=\"divider.default\">\n\t\t\t\t<div class=\"elementor-widget-container\">\n\t\t\t\t\t\t\t<div class=\"elementor-divider\">\n\t\t\t<span class=\"elementor-divider-separator\">\n\t\t\t\t\t\t<\/span>\n\t\t<\/div>\n\t\t\t\t\t\t<\/div>\n\t\t\t\t<\/div>\n\t\t\t\t\t<\/div>\n\t\t<\/div>\n\t\t\t\t\t<\/div>\n\t\t<\/section>\n\t\t\t\t<section class=\"elementor-section elementor-top-section elementor-element elementor-element-b677135 elementor-section-boxed elementor-section-height-default elementor-section-height-default\" data-id=\"b677135\" data-element_type=\"section\" data-e-type=\"section\">\n\t\t\t\t\t\t<div class=\"elementor-container elementor-column-gap-default\">\n\t\t\t\t\t<div class=\"elementor-column elementor-col-100 elementor-top-column elementor-element elementor-element-855eb8b\" data-id=\"855eb8b\" data-element_type=\"column\" data-e-type=\"column\">\n\t\t\t<div class=\"elementor-widget-wrap elementor-element-populated\">\n\t\t\t\t\t\t<div class=\"elementor-element elementor-element-5225e2c elementor-position-left elementor-vertical-align-top elementor-widget elementor-widget-image-box\" data-id=\"5225e2c\" data-element_type=\"widget\" data-e-type=\"widget\" data-widget_type=\"image-box.default\">\n\t\t\t\t<div class=\"elementor-widget-container\">\n\t\t\t\t\t<div class=\"elementor-image-box-wrapper\"><figure class=\"elementor-image-box-img\"><a href=\"https:\/\/organizsara.ch\/index.php\/kueche\/\" tabindex=\"-1\"><img decoding=\"async\" src=\"https:\/\/organizsara.ch\/wp-content\/uploads\/2022\/07\/Kueche-1-600x600.jpg\" title=\"K\u00fcche 1\" alt=\"K\u00fcche 1\" loading=\"lazy\" \/><\/a><\/figure><div class=\"elementor-image-box-content\"><h3 class=\"elementor-image-box-title\"><a href=\"https:\/\/organizsara.ch\/index.php\/kueche\/\">Viele K\u00f6che verderben die Ordnung<\/a><\/h3><p class=\"elementor-image-box-description\">Ein Ort, der verbindet und in dem ein st\u00e4ndiges Kommen und Gehen ist: Die K\u00fcche. Meist ist sie das Herzst\u00fcck des Zuhauses, wo man die besten Gespr\u00e4che haben kann. Bei mir ist das zumindest so. Die Kehrseite der Medaille: Der Raum wird von vielen Personen gleichzeitig genutzt und entsprechend schnell kann hier Unordnung entstehen. Jeder nimmt sich etwas und stellt es nicht wieder an den richtigen Ort zur\u00fcck. Viele Dinge brauchen auf engem Raum ein Zuhause, was oft zu \u00fcberf\u00fcllten Schubladen und Schr\u00e4nken f\u00fchren kann. Und so innerhalb von wenigen Augenblicken die sch\u00f6nste K\u00fcche wieder aussehen, als h\u00e4tte ein Dutzend K\u00f6che gleichzeitig darin etwas zubereiten wollen.<\/p><\/div><\/div>\t\t\t\t<\/div>\n\t\t\t\t<\/div>\n\t\t\t\t<div class=\"elementor-element elementor-element-5240b30 elementor-widget-divider--view-line elementor-widget elementor-widget-divider\" data-id=\"5240b30\" data-element_type=\"widget\" data-e-type=\"widget\" data-widget_type=\"divider.default\">\n\t\t\t\t<div class=\"elementor-widget-container\">\n\t\t\t\t\t\t\t<div class=\"elementor-divider\">\n\t\t\t<span class=\"elementor-divider-separator\">\n\t\t\t\t\t\t<\/span>\n\t\t<\/div>\n\t\t\t\t\t\t<\/div>\n\t\t\t\t<\/div>\n\t\t\t\t\t<\/div>\n\t\t<\/div>\n\t\t\t\t\t<\/div>\n\t\t<\/section>\n\t\t\t\t<section class=\"elementor-section elementor-top-section elementor-element elementor-element-c60f733 elementor-section-boxed elementor-section-height-default elementor-section-height-default\" data-id=\"c60f733\" data-element_type=\"section\" data-e-type=\"section\">\n\t\t\t\t\t\t<div class=\"elementor-container elementor-column-gap-default\">\n\t\t\t\t\t<div class=\"elementor-column elementor-col-100 elementor-top-column elementor-element elementor-element-9d900dd\" data-id=\"9d900dd\" data-element_type=\"column\" data-e-type=\"column\">\n\t\t\t<div class=\"elementor-widget-wrap elementor-element-populated\">\n\t\t\t\t\t\t<div class=\"elementor-element elementor-element-d83bbf0 elementor-position-left elementor-vertical-align-top elementor-widget elementor-widget-image-box\" data-id=\"d83bbf0\" data-element_type=\"widget\" data-e-type=\"widget\" data-widget_type=\"image-box.default\">\n\t\t\t\t<div class=\"elementor-widget-container\">\n\t\t\t\t\t<div class=\"elementor-image-box-wrapper\"><figure class=\"elementor-image-box-img\"><a href=\"https:\/\/organizsara.ch\/index.php\/badezimmer\/\" tabindex=\"-1\"><img decoding=\"async\" src=\"https:\/\/organizsara.ch\/wp-content\/uploads\/2022\/07\/Bad-600x600.jpg\" title=\"Bad\" alt=\"Bad\" loading=\"lazy\" \/><\/a><\/figure><div class=\"elementor-image-box-content\"><h3 class=\"elementor-image-box-title\"><a href=\"https:\/\/organizsara.ch\/index.php\/badezimmer\/\">Wohlf\u00fchloase Badezimmer<\/a><\/h3><p class=\"elementor-image-box-description\">Es ist Sommer, was bedeutet, dass viele nicht oft zu Hause sind. Man geniesst die warmen Abende lieber im Garten, am See oder in der Badi. Doch ein Raum wird, bei mir auf jeden Fall, in den warmen Monaten h\u00e4ufiger genutzt als in der kalten Jahreszeit: Das Badezimmer. Es kommt vor, dass ich zwei Mal am Tag unter die Dusche springe und die anschliessende \u00abSch\u00f6nheitskur\u00bb absolviere. Das bedeutet, dass eine gute Struktur im Bad Voraussetzung ist. Wenn ich alle meine Lieblingsprodukte zuerst in einem Berg von Kram suchen muss, kostet mich das viel Zeit. Und die verwende ich lieber anderweitig...<\/p><\/div><\/div>\t\t\t\t<\/div>\n\t\t\t\t<\/div>\n\t\t\t\t<div class=\"elementor-element elementor-element-3e6e4ef elementor-widget-divider--view-line elementor-widget elementor-widget-divider\" data-id=\"3e6e4ef\" data-element_type=\"widget\" data-e-type=\"widget\" data-widget_type=\"divider.default\">\n\t\t\t\t<div class=\"elementor-widget-container\">\n\t\t\t\t\t\t\t<div class=\"elementor-divider\">\n\t\t\t<span class=\"elementor-divider-separator\">\n\t\t\t\t\t\t<\/span>\n\t\t<\/div>\n\t\t\t\t\t\t<\/div>\n\t\t\t\t<\/div>\n\t\t\t\t\t<\/div>\n\t\t<\/div>\n\t\t\t\t\t<\/div>\n\t\t<\/section>\n\t\t\t\t<section class=\"elementor-section elementor-top-section elementor-element elementor-element-da2befa elementor-section-boxed elementor-section-height-default elementor-section-height-default\" data-id=\"da2befa\" data-element_type=\"section\" data-e-type=\"section\">\n\t\t\t\t\t\t<div class=\"elementor-container elementor-column-gap-default\">\n\t\t\t\t\t<div class=\"elementor-column elementor-col-100 elementor-top-column elementor-element elementor-element-a47d1b8\" data-id=\"a47d1b8\" data-element_type=\"column\" data-e-type=\"column\">\n\t\t\t<div class=\"elementor-widget-wrap elementor-element-populated\">\n\t\t\t\t\t\t<div class=\"elementor-element elementor-element-f0f8b11 elementor-position-left elementor-vertical-align-top elementor-widget elementor-widget-image-box\" data-id=\"f0f8b11\" data-element_type=\"widget\" data-e-type=\"widget\" data-widget_type=\"image-box.default\">\n\t\t\t\t<div class=\"elementor-widget-container\">\n\t\t\t\t\t<div class=\"elementor-image-box-wrapper\"><figure class=\"elementor-image-box-img\"><a href=\"https:\/\/organizsara.ch\/index.php\/routinen\/\" tabindex=\"-1\"><img decoding=\"async\" src=\"https:\/\/organizsara.ch\/wp-content\/uploads\/2022\/05\/Plsner-600x600.jpg\" title=\"Plsner\" alt=\"Plsner\" loading=\"lazy\" \/><\/a><\/figure><div class=\"elementor-image-box-content\"><h3 class=\"elementor-image-box-title\"><a href=\"https:\/\/organizsara.ch\/index.php\/routinen\/\">Routinen - F\u00fcr nachhaltige Ordnung<\/a><\/h3><p class=\"elementor-image-box-description\">Gehen wir einmal davon aus, dass du es geschafft hast. Du hast fleissig ausgemistet, aussortiert und nur die Gegenst\u00e4nde behalten, die dir wirklich Freude machen und die du brauchst. Und du hast anschliessend jedem dieser Gegenst\u00e4nde ein Zuhause gegeben. An dieser Stelle m\u00f6chte ich dir herzlich gratulieren! Denn das ist eine Meisterleistung und du kannst stolz auf dich sein! Nun ist es ja aber so, dass wir leben. Und daf\u00fcr ben\u00f6tigen wir diese Gegenst\u00e4nde regelm\u00e4ssig. Wir nehmen sie also wieder aus ihrem \u00abZuhause\u00bb und benutzen sie. Oft kann es sein, dass wir die Gegenst\u00e4nde nicht gleich wieder an ihren Platz zur\u00fccklegen. Damit dadurch nicht wieder bald die Unordnung in deinem Zuhause einzieht, gibt es einen einfachen Trick: Routinen...<\/p><\/div><\/div>\t\t\t\t<\/div>\n\t\t\t\t<\/div>\n\t\t\t\t<div class=\"elementor-element elementor-element-08e13eb elementor-widget-divider--view-line elementor-widget elementor-widget-divider\" data-id=\"08e13eb\" data-element_type=\"widget\" data-e-type=\"widget\" data-widget_type=\"divider.default\">\n\t\t\t\t<div class=\"elementor-widget-container\">\n\t\t\t\t\t\t\t<div class=\"elementor-divider\">\n\t\t\t<span class=\"elementor-divider-separator\">\n\t\t\t\t\t\t<\/span>\n\t\t<\/div>\n\t\t\t\t\t\t<\/div>\n\t\t\t\t<\/div>\n\t\t\t\t\t<\/div>\n\t\t<\/div>\n\t\t\t\t\t<\/div>\n\t\t<\/section>\n\t\t\t\t<section class=\"elementor-section elementor-top-section elementor-element elementor-element-3ba1bd5 elementor-section-boxed elementor-section-height-default elementor-section-height-default\" data-id=\"3ba1bd5\" data-element_type=\"section\" data-e-type=\"section\">\n\t\t\t\t\t\t<div class=\"elementor-container elementor-column-gap-default\">\n\t\t\t\t\t<div class=\"elementor-column elementor-col-100 elementor-top-column elementor-element elementor-element-1e67da3\" data-id=\"1e67da3\" data-element_type=\"column\" data-e-type=\"column\">\n\t\t\t<div class=\"elementor-widget-wrap elementor-element-populated\">\n\t\t\t\t\t\t<div class=\"elementor-element elementor-element-31ec382 elementor-position-left elementor-vertical-align-top elementor-widget elementor-widget-image-box\" data-id=\"31ec382\" data-element_type=\"widget\" data-e-type=\"widget\" data-widget_type=\"image-box.default\">\n\t\t\t\t<div class=\"elementor-widget-container\">\n\t\t\t\t\t<div class=\"elementor-image-box-wrapper\"><figure class=\"elementor-image-box-img\"><a href=\"https:\/\/organizsara.ch\/index.php\/kleiderschrank\/\" tabindex=\"-1\"><img decoding=\"async\" src=\"https:\/\/organizsara.ch\/wp-content\/uploads\/2022\/04\/Kleiderstapel-600x600.jpg\" title=\"Kleiderstapel\" alt=\"Kleiderstapel\" loading=\"lazy\" \/><\/a><\/figure><div class=\"elementor-image-box-content\"><h3 class=\"elementor-image-box-title\"><a href=\"https:\/\/organizsara.ch\/index.php\/kleiderschrank\/\">Kleider machen Leute<\/a><\/h3><p class=\"elementor-image-box-description\">Dieses Sprichwort kennst du bestimmt. Und falls nicht: Es heisst so viel wie: Deine Wirkung auf andere h\u00e4ngt stark damit zusammen, was du tr\u00e4gst. Umso wichtiger ist es also, dass du das, was du tr\u00e4gst, auch gerne tr\u00e4gst, denn es hat eine Auswirkung auf deine Ausstrahlung!\n\nDoch es geht ja nicht nur darum, was andere von dir halten, sondern dass vor allem du dich wohl f\u00fchlst in deiner \u00abzweiten\u00bb Haut. Kennst du das nicht auch? Du ziehst etwas an, das dir nicht zu 100% zusagt und f\u00fchlst dich dann den ganzen Tag unwohl? Mir ist das auch schon passiert, und es war ein sehr unangenehmes Gef\u00fchl...\n<\/p><\/div><\/div>\t\t\t\t<\/div>\n\t\t\t\t<\/div>\n\t\t\t\t\t<\/div>\n\t\t<\/div>\n\t\t\t\t\t<\/div>\n\t\t<\/section>\n\t\t\t\t<section class=\"elementor-section elementor-top-section elementor-element elementor-element-da29aaf elementor-section-boxed elementor-section-height-default elementor-section-height-default\" data-id=\"da29aaf\" data-element_type=\"section\" data-e-type=\"section\">\n\t\t\t\t\t\t<div class=\"elementor-container elementor-column-gap-default\">\n\t\t\t\t\t<div class=\"elementor-column elementor-col-100 elementor-top-column elementor-element elementor-element-df02237\" data-id=\"df02237\" data-element_type=\"column\" data-e-type=\"column\">\n\t\t\t<div class=\"elementor-widget-wrap elementor-element-populated\">\n\t\t\t\t\t\t<div class=\"elementor-element elementor-element-da430f2 elementor-widget-divider--view-line elementor-widget elementor-widget-divider\" data-id=\"da430f2\" data-element_type=\"widget\" data-e-type=\"widget\" data-widget_type=\"divider.default\">\n\t\t\t\t<div class=\"elementor-widget-container\">\n\t\t\t\t\t\t\t<div class=\"elementor-divider\">\n\t\t\t<span class=\"elementor-divider-separator\">\n\t\t\t\t\t\t<\/span>\n\t\t<\/div>\n\t\t\t\t\t\t<\/div>\n\t\t\t\t<\/div>\n\t\t\t\t\t<\/div>\n\t\t<\/div>\n\t\t\t\t\t<\/div>\n\t\t<\/section>\n\t\t\t\t<section class=\"elementor-section elementor-top-section elementor-element elementor-element-1120b0e elementor-section-boxed elementor-section-height-default elementor-section-height-default\" data-id=\"1120b0e\" data-element_type=\"section\" data-e-type=\"section\">\n\t\t\t\t\t\t<div class=\"elementor-container elementor-column-gap-default\">\n\t\t\t\t\t<div class=\"elementor-column elementor-col-100 elementor-top-column elementor-element elementor-element-6b7cb63\" data-id=\"6b7cb63\" data-element_type=\"column\" data-e-type=\"column\">\n\t\t\t<div class=\"elementor-widget-wrap elementor-element-populated\">\n\t\t\t\t\t\t<div class=\"elementor-element elementor-element-52821a5 elementor-position-left elementor-vertical-align-top elementor-widget elementor-widget-image-box\" data-id=\"52821a5\" data-element_type=\"widget\" data-e-type=\"widget\" data-widget_type=\"image-box.default\">\n\t\t\t\t<div class=\"elementor-widget-container\">\n\t\t\t\t\t<div class=\"elementor-image-box-wrapper\"><figure class=\"elementor-image-box-img\"><a href=\"https:\/\/organizsara.ch\/index.php\/shopping\/\" tabindex=\"-1\"><img decoding=\"async\" src=\"https:\/\/organizsara.ch\/wp-content\/uploads\/2022\/04\/Kleiderstange-Blog-600x600.jpg\" title=\"Kleiderstange Blog\" alt=\"Kleiderstange Blog\" loading=\"lazy\" \/><\/a><\/figure><div class=\"elementor-image-box-content\"><h3 class=\"elementor-image-box-title\"><a href=\"https:\/\/organizsara.ch\/index.php\/shopping\/\">Shopping - gewusst wie<\/a><\/h3><p class=\"elementor-image-box-description\">Kennst du das? Du gehst einkaufen, weil du etwas ganz Bestimmtes brauchst. Du gehst in den Laden und machst dich auf die Suche \u2013 und zack, ist dein Arm schon voller sch\u00f6ner Kleider, die dich angesprochen haben. Du probierst alles an und vieles passt sogar. Also wandert alles auf den Kassentisch. Euphorisch verl\u00e4sst du den Laden und machst dich auf den Weg nach Hause. Warum du eigentlich einkaufen gegangen bist, hast du bereits wieder vergessen. Und beim Auspacken und in den Kleiderschrank einr\u00e4umen Zuhause merkst du pl\u00f6tzlich: Ups, in meinem Kleiderschrank h\u00e4ngen ja schon drei Pullover, die noch nie getragen wurden...<\/p><\/div><\/div>\t\t\t\t<\/div>\n\t\t\t\t<\/div>\n\t\t\t\t\t<\/div>\n\t\t<\/div>\n\t\t\t\t\t<\/div>\n\t\t<\/section>\n\t\t\t\t<section class=\"elementor-section elementor-top-section elementor-element elementor-element-c7e8bfb elementor-section-boxed elementor-section-height-default elementor-section-height-default\" data-id=\"c7e8bfb\" data-element_type=\"section\" data-e-type=\"section\">\n\t\t\t\t\t\t<div class=\"elementor-container elementor-column-gap-default\">\n\t\t\t\t\t<div class=\"elementor-column elementor-col-100 elementor-top-column elementor-element elementor-element-a44b794\" data-id=\"a44b794\" data-element_type=\"column\" data-e-type=\"column\">\n\t\t\t<div class=\"elementor-widget-wrap elementor-element-populated\">\n\t\t\t\t\t\t<div class=\"elementor-element elementor-element-d02f317 elementor-widget-divider--view-line elementor-widget elementor-widget-divider\" data-id=\"d02f317\" data-element_type=\"widget\" data-e-type=\"widget\" data-widget_type=\"divider.default\">\n\t\t\t\t<div class=\"elementor-widget-container\">\n\t\t\t\t\t\t\t<div class=\"elementor-divider\">\n\t\t\t<span class=\"elementor-divider-separator\">\n\t\t\t\t\t\t<\/span>\n\t\t<\/div>\n\t\t\t\t\t\t<\/div>\n\t\t\t\t<\/div>\n\t\t\t\t<div class=\"elementor-element elementor-element-6a9e4e1 elementor-position-left elementor-vertical-align-top elementor-widget elementor-widget-image-box\" data-id=\"6a9e4e1\" data-element_type=\"widget\" data-e-type=\"widget\" data-widget_type=\"image-box.default\">\n\t\t\t\t<div class=\"elementor-widget-container\">\n\t\t\t\t\t<div class=\"elementor-image-box-wrapper\"><figure class=\"elementor-image-box-img\"><a href=\"https:\/\/organizsara.ch\/index.php\/fruehlingsputz\/\" tabindex=\"-1\"><img decoding=\"async\" src=\"https:\/\/organizsara.ch\/wp-content\/uploads\/2022\/03\/putzen-600x600.jpg\" title=\"putzen\" alt=\"putzen\" loading=\"lazy\" \/><\/a><\/figure><div class=\"elementor-image-box-content\"><h3 class=\"elementor-image-box-title\"><a href=\"https:\/\/organizsara.ch\/index.php\/fruehlingsputz\/\">Hallo Fr\u00fchling(sputz)!<\/a><\/h3><p class=\"elementor-image-box-description\">Die erste M\u00e4rzwoche ist bereits vorbei und der Fr\u00fchling liegt in der Luft! Die l\u00e4ngeren und w\u00e4rmeren Tage und auch das sch\u00f6ne Wetter locken die Leute wieder nach draussen, um m\u00f6glichst viel Vitamin D aufzusaugen und die Natur zu geniessen.\n\nDer Fr\u00fchling ist oft die Jahreszeit, in der viele den \u00abFr\u00fchlingsputz\u00bb machen. Das Erwachen der Natur gibt uns das Gef\u00fchl eines Neubeginns, was uns auch dazu veranlasst, in unseren eigenen vier W\u00e4nden einen kleinen \u00abNeubeginn\u00bb zu starten. Also werden das Haus oder die Wohnung von oben bis unten komplett gereinigt, Fenster werden geputzt und es wird ausgemistet...<\/p><\/div><\/div>\t\t\t\t<\/div>\n\t\t\t\t<\/div>\n\t\t\t\t\t<\/div>\n\t\t<\/div>\n\t\t\t\t\t<\/div>\n\t\t<\/section>\n\t\t\t\t<section class=\"elementor-section elementor-top-section elementor-element elementor-element-f3100bc elementor-section-boxed elementor-section-height-default elementor-section-height-default\" data-id=\"f3100bc\" data-element_type=\"section\" data-e-type=\"section\">\n\t\t\t\t\t\t<div class=\"elementor-container elementor-column-gap-default\">\n\t\t\t\t\t<div class=\"elementor-column elementor-col-100 elementor-top-column elementor-element elementor-element-9964ebd\" data-id=\"9964ebd\" data-element_type=\"column\" data-e-type=\"column\">\n\t\t\t<div class=\"elementor-widget-wrap elementor-element-populated\">\n\t\t\t\t\t\t<div class=\"elementor-element elementor-element-65b0633 elementor-widget-divider--view-line elementor-widget elementor-widget-divider\" data-id=\"65b0633\" data-element_type=\"widget\" data-e-type=\"widget\" data-widget_type=\"divider.default\">\n\t\t\t\t<div class=\"elementor-widget-container\">\n\t\t\t\t\t\t\t<div class=\"elementor-divider\">\n\t\t\t<span class=\"elementor-divider-separator\">\n\t\t\t\t\t\t<\/span>\n\t\t<\/div>\n\t\t\t\t\t\t<\/div>\n\t\t\t\t<\/div>\n\t\t\t\t\t<\/div>\n\t\t<\/div>\n\t\t\t\t\t<\/div>\n\t\t<\/section>\n\t\t\t\t<section class=\"elementor-section elementor-top-section elementor-element elementor-element-380c1cb elementor-section-boxed elementor-section-height-default elementor-section-height-default\" data-id=\"380c1cb\" data-element_type=\"section\" data-e-type=\"section\">\n\t\t\t\t\t\t<div class=\"elementor-container elementor-column-gap-default\">\n\t\t\t\t\t<div class=\"elementor-column elementor-col-100 elementor-top-column elementor-element elementor-element-8b48c4a\" data-id=\"8b48c4a\" data-element_type=\"column\" data-e-type=\"column\">\n\t\t\t<div class=\"elementor-widget-wrap elementor-element-populated\">\n\t\t\t\t\t\t<div class=\"elementor-element elementor-element-fa9ed8a elementor-position-left elementor-vertical-align-top elementor-widget elementor-widget-image-box\" data-id=\"fa9ed8a\" data-element_type=\"widget\" data-e-type=\"widget\" data-widget_type=\"image-box.default\">\n\t\t\t\t<div class=\"elementor-widget-container\">\n\t\t\t\t\t<div class=\"elementor-image-box-wrapper\"><figure class=\"elementor-image-box-img\"><a href=\"https:\/\/organizsara.ch\/index.php\/blog-1\/\" tabindex=\"-1\"><img decoding=\"async\" src=\"https:\/\/organizsara.ch\/wp-content\/uploads\/2022\/01\/pexels-cottonbro-4554249-600x600.jpg\" title=\"pexels-cottonbro-4554249\" alt=\"pexels-cottonbro-4554249\" loading=\"lazy\" \/><\/a><\/figure><div class=\"elementor-image-box-content\"><h3 class=\"elementor-image-box-title\"><a href=\"https:\/\/organizsara.ch\/index.php\/blog-1\/\">F\u00fcnf Tipps f\u00fcr einen stressfreien Umzug<\/a><\/h3><p class=\"elementor-image-box-description\">N\u00e4chste Woche ist es mal wieder so weit: Ich ziehe um. F\u00fcr einige ist das der absolute Horror, andere freuen sich richtig gehend auf das Kisten packen, ausmisten und verschieben ihrer Habseligkeiten. Ich bin der Typ von beidem: Ich freue mich darauf, endlich mal wieder auszumisten, mir einen konkreten Plan zurecht zu legen, und mich dann wieder in meinem neuen zu Hause einrichten zu k\u00f6nnen. Der ganze Zwischenteil mit dem Fahren, Schleppen, Tragen und durch einen engen Hausgang jonglieren, auf den k\u00f6nnte ich auch verzichten. Aber er geh\u00f6rt nun mal dazu...<\/p><\/div><\/div>\t\t\t\t<\/div>\n\t\t\t\t<\/div>\n\t\t\t\t\t<\/div>\n\t\t<\/div>\n\t\t\t\t\t<\/div>\n\t\t<\/section>\n\t\t\t\t<section class=\"elementor-section elementor-top-section elementor-element elementor-element-d96bef3 elementor-section-boxed elementor-section-height-default elementor-section-height-default\" data-id=\"d96bef3\" data-element_type=\"section\" data-e-type=\"section\">\n\t\t\t\t\t\t<div class=\"elementor-container elementor-column-gap-default\">\n\t\t\t\t\t<div class=\"elementor-column elementor-col-100 elementor-top-column elementor-element elementor-element-475fc7c\" data-id=\"475fc7c\" data-element_type=\"column\" data-e-type=\"column\">\n\t\t\t<div class=\"elementor-widget-wrap elementor-element-populated\">\n\t\t\t\t\t\t<div class=\"elementor-element elementor-element-48db85a elementor-position-left elementor-vertical-align-top elementor-widget elementor-widget-image-box\" data-id=\"48db85a\" data-element_type=\"widget\" data-e-type=\"widget\" data-widget_type=\"image-box.default\">\n\t\t\t\t<div class=\"elementor-widget-container\">\n\t\t\t\t\t<div class=\"elementor-image-box-wrapper\"><figure class=\"elementor-image-box-img\"><a href=\"https:\/\/organizsara.ch\/index.php\/zeitmamagement\/\" tabindex=\"-1\"><img decoding=\"async\" src=\"https:\/\/organizsara.ch\/wp-content\/uploads\/2022\/09\/Kalender-scaled.jpg\" title=\"Kalender\" alt=\"Kalender\" loading=\"lazy\" \/><\/a><\/figure><div class=\"elementor-image-box-content\"><h3 class=\"elementor-image-box-title\"><a href=\"https:\/\/organizsara.ch\/index.php\/zeitmamagement\/\">Ach du liebe Zeit...<\/a><\/h3><p class=\"elementor-image-box-description\">Etwas unglaublich wichtiges und doch meist vernachl\u00e4ssigtes Thema ist das Zeitmanagement. Gerade wenn es darum geht, Ordnung zu halten und das Chaos nicht wieder \u00fcberhand nehmen zu lassen, ist es wichtig, gut geplant zu haben.\nIn einer Zeit, in der es immer schnell gehen muss und einem die Termine manchmal nur so um die Ohren fliegen, ist es wichtig, sich Zeit zu nehmen, um sich die Zeit einzuteilen. Denn ansonsten versinken wir schnell wieder im Chaos \u2013 nicht nur materiell, sondern auch psychisch. Aber wer sich gut strukturiert, kann sich viel Stress ersparen...<\/p><\/div><\/div>\t\t\t\t<\/div>\n\t\t\t\t<\/div>\n\t\t\t\t<div class=\"elementor-element elementor-element-4501649 elementor-widget-divider--view-line elementor-widget elementor-widget-divider\" data-id=\"4501649\" data-element_type=\"widget\" data-e-type=\"widget\" data-widget_type=\"divider.default\">\n\t\t\t\t<div class=\"elementor-widget-container\">\n\t\t\t\t\t\t\t<div class=\"elementor-divider\">\n\t\t\t<span class=\"elementor-divider-separator\">\n\t\t\t\t\t\t<\/span>\n\t\t<\/div>\n\t\t\t\t\t\t<\/div>\n\t\t\t\t<\/div>\n\t\t\t\t\t<\/div>\n\t\t<\/div>\n\t\t\t\t\t<\/div>\n\t\t<\/section>\n\t\t\t\t<section class=\"elementor-section elementor-top-section elementor-element elementor-element-d774b42 elementor-section-boxed elementor-section-height-default elementor-section-height-default\" data-id=\"d774b42\" data-element_type=\"section\" data-e-type=\"section\">\n\t\t\t\t\t\t<div class=\"elementor-container elementor-column-gap-default\">\n\t\t\t\t\t<div class=\"elementor-column elementor-col-100 elementor-top-column elementor-element elementor-element-9d8bf19\" data-id=\"9d8bf19\" data-element_type=\"column\" data-e-type=\"column\">\n\t\t\t<div class=\"elementor-widget-wrap elementor-element-populated\">\n\t\t\t\t\t\t<div class=\"elementor-element elementor-element-0995b88 elementor-position-left elementor-vertical-align-top elementor-widget elementor-widget-image-box\" data-id=\"0995b88\" data-element_type=\"widget\" data-e-type=\"widget\" data-widget_type=\"image-box.default\">\n\t\t\t\t<div class=\"elementor-widget-container\">\n\t\t\t\t\t<div class=\"elementor-image-box-wrapper\"><figure class=\"elementor-image-box-img\"><a href=\"https:\/\/organizsara.ch\/index.php\/zeitmamagement\/\" tabindex=\"-1\"><img decoding=\"async\" src=\"https:\/\/organizsara.ch\/wp-content\/uploads\/2022\/09\/Kalender-scaled.jpg\" title=\"Kalender\" alt=\"Kalender\" loading=\"lazy\" \/><\/a><\/figure><div class=\"elementor-image-box-content\"><h3 class=\"elementor-image-box-title\"><a href=\"https:\/\/organizsara.ch\/index.php\/zeitmamagement\/\">Ach du liebe Zeit...<\/a><\/h3><p class=\"elementor-image-box-description\">Etwas unglaublich wichtiges und doch meist vernachl\u00e4ssigtes Thema ist das Zeitmanagement. Gerade wenn es darum geht, Ordnung zu halten und das Chaos nicht wieder \u00fcberhand nehmen zu lassen, ist es wichtig, gut geplant zu haben.\nIn einer Zeit, in der es immer schnell gehen muss und einem die Termine manchmal nur so um die Ohren fliegen, ist es wichtig, sich Zeit zu nehmen, um sich die Zeit einzuteilen. Denn ansonsten versinken wir schnell wieder im Chaos \u2013 nicht nur materiell, sondern auch psychisch. Aber wer sich gut strukturiert, kann sich viel Stress ersparen...<\/p><\/div><\/div>\t\t\t\t<\/div>\n\t\t\t\t<\/div>\n\t\t\t\t<div class=\"elementor-element elementor-element-ffb53cd elementor-widget-divider--view-line elementor-widget elementor-widget-divider\" data-id=\"ffb53cd\" data-element_type=\"widget\" data-e-type=\"widget\" data-widget_type=\"divider.default\">\n\t\t\t\t<div class=\"elementor-widget-container\">\n\t\t\t\t\t\t\t<div class=\"elementor-divider\">\n\t\t\t<span class=\"elementor-divider-separator\">\n\t\t\t\t\t\t<\/span>\n\t\t<\/div>\n\t\t\t\t\t\t<\/div>\n\t\t\t\t<\/div>\n\t\t\t\t\t<\/div>\n\t\t<\/div>\n\t\t\t\t\t<\/div>\n\t\t<\/section>\n\t\t\t\t<section class=\"elementor-section elementor-top-section elementor-element elementor-element-e8e3490 elementor-section-boxed elementor-section-height-default elementor-section-height-default\" data-id=\"e8e3490\" data-element_type=\"section\" data-e-type=\"section\">\n\t\t\t\t\t\t<div class=\"elementor-container elementor-column-gap-default\">\n\t\t\t\t\t<div class=\"elementor-column elementor-col-100 elementor-top-column elementor-element elementor-element-7bc1f40\" data-id=\"7bc1f40\" data-element_type=\"column\" data-e-type=\"column\">\n\t\t\t<div class=\"elementor-widget-wrap elementor-element-populated\">\n\t\t\t\t\t\t<div class=\"elementor-element elementor-element-ca3768b elementor-position-left elementor-vertical-align-top elementor-widget elementor-widget-image-box\" data-id=\"ca3768b\" data-element_type=\"widget\" data-e-type=\"widget\" data-widget_type=\"image-box.default\">\n\t\t\t\t<div class=\"elementor-widget-container\">\n\t\t\t\t\t<div class=\"elementor-image-box-wrapper\"><figure class=\"elementor-image-box-img\"><a href=\"https:\/\/organizsara.ch\/index.php\/zeitmamagement\/\" tabindex=\"-1\"><img decoding=\"async\" src=\"https:\/\/organizsara.ch\/wp-content\/uploads\/2022\/09\/Kalender-scaled.jpg\" title=\"Kalender\" alt=\"Kalender\" loading=\"lazy\" \/><\/a><\/figure><div class=\"elementor-image-box-content\"><h3 class=\"elementor-image-box-title\"><a href=\"https:\/\/organizsara.ch\/index.php\/zeitmamagement\/\">Ach du liebe Zeit...<\/a><\/h3><p class=\"elementor-image-box-description\">Etwas unglaublich wichtiges und doch meist vernachl\u00e4ssigtes Thema ist das Zeitmanagement. Gerade wenn es darum geht, Ordnung zu halten und das Chaos nicht wieder \u00fcberhand nehmen zu lassen, ist es wichtig, gut geplant zu haben.\nIn einer Zeit, in der es immer schnell gehen muss und einem die Termine manchmal nur so um die Ohren fliegen, ist es wichtig, sich Zeit zu nehmen, um sich die Zeit einzuteilen. Denn ansonsten versinken wir schnell wieder im Chaos \u2013 nicht nur materiell, sondern auch psychisch. Aber wer sich gut strukturiert, kann sich viel Stress ersparen...<\/p><\/div><\/div>\t\t\t\t<\/div>\n\t\t\t\t<\/div>\n\t\t\t\t<div class=\"elementor-element elementor-element-691e8bb elementor-widget-divider--view-line elementor-widget elementor-widget-divider\" data-id=\"691e8bb\" data-element_type=\"widget\" data-e-type=\"widget\" data-widget_type=\"divider.default\">\n\t\t\t\t<div class=\"elementor-widget-container\">\n\t\t\t\t\t\t\t<div class=\"elementor-divider\">\n\t\t\t<span class=\"elementor-divider-separator\">\n\t\t\t\t\t\t<\/span>\n\t\t<\/div>\n\t\t\t\t\t\t<\/div>\n\t\t\t\t<\/div>\n\t\t\t\t\t<\/div>\n\t\t<\/div>\n\t\t\t\t\t<\/div>\n\t\t<\/section>\n\t\t\t\t<section class=\"elementor-section elementor-top-section elementor-element elementor-element-da12257 elementor-section-boxed elementor-section-height-default elementor-section-height-default\" data-id=\"da12257\" data-element_type=\"section\" data-e-type=\"section\">\n\t\t\t\t\t\t<div class=\"elementor-container elementor-column-gap-default\">\n\t\t\t\t\t<div class=\"elementor-column elementor-col-100 elementor-top-column elementor-element elementor-element-6944737\" data-id=\"6944737\" data-element_type=\"column\" data-e-type=\"column\">\n\t\t\t<div class=\"elementor-widget-wrap elementor-element-populated\">\n\t\t\t\t\t\t<div class=\"elementor-element elementor-element-d863ccd elementor-position-left elementor-vertical-align-top elementor-widget elementor-widget-image-box\" data-id=\"d863ccd\" data-element_type=\"widget\" data-e-type=\"widget\" data-widget_type=\"image-box.default\">\n\t\t\t\t<div class=\"elementor-widget-container\">\n\t\t\t\t\t<div class=\"elementor-image-box-wrapper\"><figure class=\"elementor-image-box-img\"><a href=\"https:\/\/organizsara.ch\/index.php\/zeitmamagement\/\" tabindex=\"-1\"><img decoding=\"async\" src=\"https:\/\/organizsara.ch\/wp-content\/uploads\/2022\/09\/Kalender-scaled.jpg\" title=\"Kalender\" alt=\"Kalender\" loading=\"lazy\" \/><\/a><\/figure><div class=\"elementor-image-box-content\"><h3 class=\"elementor-image-box-title\"><a href=\"https:\/\/organizsara.ch\/index.php\/zeitmamagement\/\">Ach du liebe Zeit...<\/a><\/h3><p class=\"elementor-image-box-description\">Etwas unglaublich wichtiges und doch meist vernachl\u00e4ssigtes Thema ist das Zeitmanagement. Gerade wenn es darum geht, Ordnung zu halten und das Chaos nicht wieder \u00fcberhand nehmen zu lassen, ist es wichtig, gut geplant zu haben.\nIn einer Zeit, in der es immer schnell gehen muss und einem die Termine manchmal nur so um die Ohren fliegen, ist es wichtig, sich Zeit zu nehmen, um sich die Zeit einzuteilen. Denn ansonsten versinken wir schnell wieder im Chaos \u2013 nicht nur materiell, sondern auch psychisch. Aber wer sich gut strukturiert, kann sich viel Stress ersparen...<\/p><\/div><\/div>\t\t\t\t<\/div>\n\t\t\t\t<\/div>\n\t\t\t\t<div class=\"elementor-element elementor-element-dc2030d elementor-widget-divider--view-line elementor-widget elementor-widget-divider\" data-id=\"dc2030d\" data-element_type=\"widget\" data-e-type=\"widget\" data-widget_type=\"divider.default\">\n\t\t\t\t<div class=\"elementor-widget-container\">\n\t\t\t\t\t\t\t<div class=\"elementor-divider\">\n\t\t\t<span class=\"elementor-divider-separator\">\n\t\t\t\t\t\t<\/span>\n\t\t<\/div>\n\t\t\t\t\t\t<\/div>\n\t\t\t\t<\/div>\n\t\t\t\t\t<\/div>\n\t\t<\/div>\n\t\t\t\t\t<\/div>\n\t\t<\/section>\n\t\t\t\t<\/div>\n\t\t","protected":false},"excerpt":{"rendered":"<p>Meine Fantastic Four Im Moment l\u00e4uft gerade das Remake des Marvel-Hits \u201eFantastic Four\u201c in den Kinos. Also wird es f\u00fcr mich Zeit, dir meine Fantastic Four vorzustellen. Was das bedeutet? In diesen Bereichen arbeite ich am liebsten und w\u00fcrde mich als Profi bezeichnen. Solltest du bei einem dieser Bereiche Bauchschmerzen oder ein flaues Gef\u00fchl im Magen bekommen, weil du hier dringend Hilfe brauchst: Du weisst, wo du mich findest ;)&#8230; Aufatmen im gr\u00fcnen Zimmer Ob du deinen Morgenkaffee auf dem Balkon geniesst oder laue Sommerabende auf dem Sitzplatz verbringst \u2013 ein aufger\u00e4umter Aussenbereich l\u00e4dt viel eher zum Verweilen ein. Doch [&hellip;]<\/p>\n","protected":false},"author":1,"featured_media":0,"parent":0,"menu_order":0,"comment_status":"closed","ping_status":"closed","template":"","meta":{"om_disable_all_campaigns":false,"wprm-recipe-roundup-name":"","wprm-recipe-roundup-description":"","_monsterinsights_skip_tracking":false,"footnotes":""},"class_list":["post-218","page","type-page","status-publish","hentry"],"aioseo_notices":[],"aioseo_head":"\n\t\t<!-- All in One SEO 5.0.1.1 - aioseo.com -->\n\t<meta name=\"description\" content=\"Meine Fantastic Four Im Moment l\u00e4uft gerade das Remake des Marvel-Hits \u201eFantastic Four\u201c in den Kinos. Also wird es f\u00fcr mich Zeit, dir meine Fantastic Four vorzustellen. Was das bedeutet? In diesen Bereichen arbeite ich am liebsten und w\u00fcrde mich als Profi bezeichnen. Solltest du bei einem dieser Bereiche Bauchschmerzen oder ein flaues Gef\u00fchl im\" \/>\n\t<meta name=\"robots\" content=\"max-image-preview:large\" \/>\n\t<meta name=\"google-site-verification\" content=\"jYZM4egHslr9LHL8isfgCObmKVl72TXI11uZtIgu2KY\" \/>\n\t<link rel=\"canonical\" href=\"https:\/\/organizsara.ch\/index.php\/blog\/\" \/>\n\t<meta name=\"generator\" content=\"All in One SEO (AIOSEO) 5.0.1.1\" \/>\n\t\t<meta property=\"og:locale\" content=\"de_DE\" \/>\n\t\t<meta property=\"og:site_name\" content=\"Organizsara - Just another WordPress site\" \/>\n\t\t<meta property=\"og:type\" content=\"article\" \/>\n\t\t<meta property=\"og:title\" content=\"Blog - Organizsara\" \/>\n\t\t<meta property=\"og:description\" content=\"Meine Fantastic Four Im Moment l\u00e4uft gerade das Remake des Marvel-Hits \u201eFantastic Four\u201c in den Kinos. Also wird es f\u00fcr mich Zeit, dir meine Fantastic Four vorzustellen. Was das bedeutet? In diesen Bereichen arbeite ich am liebsten und w\u00fcrde mich als Profi bezeichnen. Solltest du bei einem dieser Bereiche Bauchschmerzen oder ein flaues Gef\u00fchl im\" \/>\n\t\t<meta property=\"og:url\" content=\"https:\/\/organizsara.ch\/index.php\/blog\/\" \/>\n\t\t<meta property=\"og:image\" content=\"https:\/\/organizsara.ch\/wp-content\/uploads\/2021\/04\/cropped-Logo_schlicht.png\" \/>\n\t\t<meta property=\"og:image:secure_url\" content=\"https:\/\/organizsara.ch\/wp-content\/uploads\/2021\/04\/cropped-Logo_schlicht.png\" \/>\n\t\t<meta property=\"article:published_time\" content=\"2020-10-30T04:26:05+00:00\" \/>\n\t\t<meta property=\"article:modified_time\" content=\"2025-08-02T15:27:42+00:00\" \/>\n\t\t<meta property=\"article:publisher\" content=\"https:\/\/www.facebook.com\/organizsara.ch\" \/>\n\t\t<meta name=\"twitter:card\" content=\"summary\" \/>\n\t\t<meta name=\"twitter:title\" content=\"Blog - Organizsara\" \/>\n\t\t<meta name=\"twitter:description\" content=\"Meine Fantastic Four Im Moment l\u00e4uft gerade das Remake des Marvel-Hits \u201eFantastic Four\u201c in den Kinos. Also wird es f\u00fcr mich Zeit, dir meine Fantastic Four vorzustellen. Was das bedeutet? In diesen Bereichen arbeite ich am liebsten und w\u00fcrde mich als Profi bezeichnen. Solltest du bei einem dieser Bereiche Bauchschmerzen oder ein flaues Gef\u00fchl im\" \/>\n\t\t<meta name=\"twitter:image\" content=\"https:\/\/organizsara.ch\/wp-content\/uploads\/2021\/04\/cropped-Logo_schlicht.png\" \/>\n\t\t<script type=\"application\/ld+json\" class=\"aioseo-schema\">\n\t\t\t{\"@context\":\"https:\\\/\\\/schema.org\",\"@graph\":[{\"@type\":\"BreadcrumbList\",\"@id\":\"https:\\\/\\\/organizsara.ch\\\/index.php\\\/blog\\\/#breadcrumblist\",\"itemListElement\":[{\"@type\":\"ListItem\",\"@id\":\"https:\\\/\\\/organizsara.ch#listItem\",\"position\":1,\"name\":\"Home\",\"item\":\"https:\\\/\\\/organizsara.ch\",\"nextItem\":{\"@type\":\"ListItem\",\"@id\":\"https:\\\/\\\/organizsara.ch\\\/index.php\\\/blog\\\/#listItem\",\"name\":\"Blog\"}},{\"@type\":\"ListItem\",\"@id\":\"https:\\\/\\\/organizsara.ch\\\/index.php\\\/blog\\\/#listItem\",\"position\":2,\"name\":\"Blog\",\"previousItem\":{\"@type\":\"ListItem\",\"@id\":\"https:\\\/\\\/organizsara.ch#listItem\",\"name\":\"Home\"}}]},{\"@type\":\"Organization\",\"@id\":\"https:\\\/\\\/organizsara.ch\\\/#organization\",\"name\":\"OrganizSara\",\"description\":\"Just another WordPress site Ich bin Sara Ritzmann, zertifizierte Ordnungscoachin aus Schaffhausen. Mit OrganizSara unterst\\u00fctze ich dich dabei, wieder Ordnung, Struktur und Klarheit in dein Zuhause oder dein Business zu bringen \\u2013 ganz individuell und mit System. Ob Kleiderschrank, K\\u00fcche, Keller oder Homeoffice: Gemeinsam schaffen wir nachhaltige Ordnung, die zu deinem Alltag passt. Ich begleite dich pers\\u00f6nlich, mit viel Feingef\\u00fchl und einem Blick f\\u00fcr praktische L\\u00f6sungen. \\ud83c\\udf3f Ordnung schaffen \\ud83e\\uddf9 Chaos bew\\u00e4ltigen \\ud83e\\uddfa Aufr\\u00e4umhilfe im Alltag \\ud83d\\udcbc Coaching f\\u00fcr Familien, Singles &amp; Unternehmen\",\"url\":\"https:\\\/\\\/organizsara.ch\\\/\",\"telephone\":\"+41774483638\",\"logo\":{\"@type\":\"ImageObject\",\"url\":\"https:\\\/\\\/organizsara.ch\\\/wp-content\\\/uploads\\\/2021\\\/04\\\/Logo_schlicht.png\",\"@id\":\"https:\\\/\\\/organizsara.ch\\\/index.php\\\/blog\\\/#organizationLogo\",\"width\":500,\"height\":500},\"image\":{\"@id\":\"https:\\\/\\\/organizsara.ch\\\/index.php\\\/blog\\\/#organizationLogo\"},\"sameAs\":[\"https:\\\/\\\/www.facebook.com\\\/organizsara.ch\",\"https:\\\/\\\/www.instagram.com\\\/organizsara.ch\\\/\"]},{\"@type\":\"WebPage\",\"@id\":\"https:\\\/\\\/organizsara.ch\\\/index.php\\\/blog\\\/#webpage\",\"url\":\"https:\\\/\\\/organizsara.ch\\\/index.php\\\/blog\\\/\",\"name\":\"Blog - Organizsara\",\"description\":\"Meine Fantastic Four Im Moment l\\u00e4uft gerade das Remake des Marvel-Hits \\u201eFantastic Four\\u201c in den Kinos. Also wird es f\\u00fcr mich Zeit, dir meine Fantastic Four vorzustellen. Was das bedeutet? In diesen Bereichen arbeite ich am liebsten und w\\u00fcrde mich als Profi bezeichnen. Solltest du bei einem dieser Bereiche Bauchschmerzen oder ein flaues Gef\\u00fchl im\",\"inLanguage\":\"de-DE\",\"isPartOf\":{\"@id\":\"https:\\\/\\\/organizsara.ch\\\/#website\"},\"breadcrumb\":{\"@id\":\"https:\\\/\\\/organizsara.ch\\\/index.php\\\/blog\\\/#breadcrumblist\"},\"datePublished\":\"2020-10-30T04:26:05+00:00\",\"dateModified\":\"2025-08-02T15:27:42+00:00\"},{\"@type\":\"WebSite\",\"@id\":\"https:\\\/\\\/organizsara.ch\\\/#website\",\"url\":\"https:\\\/\\\/organizsara.ch\\\/\",\"name\":\"Organizsara\",\"description\":\"Just another WordPress site\",\"inLanguage\":\"de-DE\",\"publisher\":{\"@id\":\"https:\\\/\\\/organizsara.ch\\\/#organization\"}}]}\n\t\t<\/script>\n\t\t<!-- All in One SEO -->\n\n","aioseo_head_json":{"title":"Blog - Organizsara","description":"Meine Fantastic Four Im Moment l\u00e4uft gerade das Remake des Marvel-Hits \u201eFantastic Four\u201c in den Kinos. Also wird es f\u00fcr mich Zeit, dir meine Fantastic Four vorzustellen. Was das bedeutet? In diesen Bereichen arbeite ich am liebsten und w\u00fcrde mich als Profi bezeichnen. Solltest du bei einem dieser Bereiche Bauchschmerzen oder ein flaues Gef\u00fchl im","canonical_url":"https:\/\/organizsara.ch\/index.php\/blog\/","robots":"max-image-preview:large","keywords":"","webmasterTools":{"google-site-verification":"jYZM4egHslr9LHL8isfgCObmKVl72TXI11uZtIgu2KY","miscellaneous":""},"schema":{"@context":"https:\/\/schema.org","@graph":[{"@type":"BreadcrumbList","@id":"https:\/\/organizsara.ch\/index.php\/blog\/#breadcrumblist","itemListElement":[{"@type":"ListItem","@id":"https:\/\/organizsara.ch#listItem","position":1,"name":"Home","item":"https:\/\/organizsara.ch","nextItem":{"@type":"ListItem","@id":"https:\/\/organizsara.ch\/index.php\/blog\/#listItem","name":"Blog"}},{"@type":"ListItem","@id":"https:\/\/organizsara.ch\/index.php\/blog\/#listItem","position":2,"name":"Blog","previousItem":{"@type":"ListItem","@id":"https:\/\/organizsara.ch#listItem","name":"Home"}}]},{"@type":"Organization","@id":"https:\/\/organizsara.ch\/#organization","name":"OrganizSara","description":"Just another WordPress site Ich bin Sara Ritzmann, zertifizierte Ordnungscoachin aus Schaffhausen. Mit OrganizSara unterst\u00fctze ich dich dabei, wieder Ordnung, Struktur und Klarheit in dein Zuhause oder dein Business zu bringen \u2013 ganz individuell und mit System. Ob Kleiderschrank, K\u00fcche, Keller oder Homeoffice: Gemeinsam schaffen wir nachhaltige Ordnung, die zu deinem Alltag passt. Ich begleite dich pers\u00f6nlich, mit viel Feingef\u00fchl und einem Blick f\u00fcr praktische L\u00f6sungen. \ud83c\udf3f Ordnung schaffen \ud83e\uddf9 Chaos bew\u00e4ltigen \ud83e\uddfa Aufr\u00e4umhilfe im Alltag \ud83d\udcbc Coaching f\u00fcr Familien, Singles &amp; Unternehmen","url":"https:\/\/organizsara.ch\/","telephone":"+41774483638","logo":{"@type":"ImageObject","url":"https:\/\/organizsara.ch\/wp-content\/uploads\/2021\/04\/Logo_schlicht.png","@id":"https:\/\/organizsara.ch\/index.php\/blog\/#organizationLogo","width":500,"height":500},"image":{"@id":"https:\/\/organizsara.ch\/index.php\/blog\/#organizationLogo"},"sameAs":["https:\/\/www.facebook.com\/organizsara.ch","https:\/\/www.instagram.com\/organizsara.ch\/"]},{"@type":"WebPage","@id":"https:\/\/organizsara.ch\/index.php\/blog\/#webpage","url":"https:\/\/organizsara.ch\/index.php\/blog\/","name":"Blog - Organizsara","description":"Meine Fantastic Four Im Moment l\u00e4uft gerade das Remake des Marvel-Hits \u201eFantastic Four\u201c in den Kinos. Also wird es f\u00fcr mich Zeit, dir meine Fantastic Four vorzustellen. Was das bedeutet? In diesen Bereichen arbeite ich am liebsten und w\u00fcrde mich als Profi bezeichnen. Solltest du bei einem dieser Bereiche Bauchschmerzen oder ein flaues Gef\u00fchl im","inLanguage":"de-DE","isPartOf":{"@id":"https:\/\/organizsara.ch\/#website"},"breadcrumb":{"@id":"https:\/\/organizsara.ch\/index.php\/blog\/#breadcrumblist"},"datePublished":"2020-10-30T04:26:05+00:00","dateModified":"2025-08-02T15:27:42+00:00"},{"@type":"WebSite","@id":"https:\/\/organizsara.ch\/#website","url":"https:\/\/organizsara.ch\/","name":"Organizsara","description":"Just another WordPress site","inLanguage":"de-DE","publisher":{"@id":"https:\/\/organizsara.ch\/#organization"}}]},"og:locale":"de_DE","og:site_name":"Organizsara - Just another WordPress site","og:type":"article","og:title":"Blog - Organizsara","og:description":"Meine Fantastic Four Im Moment l\u00e4uft gerade das Remake des Marvel-Hits \u201eFantastic Four\u201c in den Kinos. Also wird es f\u00fcr mich Zeit, dir meine Fantastic Four vorzustellen. Was das bedeutet? In diesen Bereichen arbeite ich am liebsten und w\u00fcrde mich als Profi bezeichnen. Solltest du bei einem dieser Bereiche Bauchschmerzen oder ein flaues Gef\u00fchl im","og:url":"https:\/\/organizsara.ch\/index.php\/blog\/","og:image":"https:\/\/organizsara.ch\/wp-content\/uploads\/2021\/04\/cropped-Logo_schlicht.png","og:image:secure_url":"https:\/\/organizsara.ch\/wp-content\/uploads\/2021\/04\/cropped-Logo_schlicht.png","article:published_time":"2020-10-30T04:26:05+00:00","article:modified_time":"2025-08-02T15:27:42+00:00","article:publisher":"https:\/\/www.facebook.com\/organizsara.ch","twitter:card":"summary","twitter:title":"Blog - Organizsara","twitter:description":"Meine Fantastic Four Im Moment l\u00e4uft gerade das Remake des Marvel-Hits \u201eFantastic Four\u201c in den Kinos. Also wird es f\u00fcr mich Zeit, dir meine Fantastic Four vorzustellen. Was das bedeutet? In diesen Bereichen arbeite ich am liebsten und w\u00fcrde mich als Profi bezeichnen. Solltest du bei einem dieser Bereiche Bauchschmerzen oder ein flaues Gef\u00fchl im","twitter:image":"https:\/\/organizsara.ch\/wp-content\/uploads\/2021\/04\/cropped-Logo_schlicht.png"},"aioseo_meta_data":{"post_id":"218","title":null,"description":null,"keywords":null,"keyphrases":{"focus":{"keyphrase":"Ordnungs","score":37,"analysis":{"keyphraseInTitle":{"score":3,"maxScore":9,"error":1},"keyphraseInDescription":{"score":3,"maxScore":9,"error":1},"keyphraseLength":{"score":9,"maxScore":9,"error":0,"length":1},"keyphraseInURL":{"score":1,"maxScore":5,"error":1},"keyphraseInIntroduction":{"score":3,"maxScore":9,"error":1},"keyphraseInSubHeadings":{"score":3,"maxScore":9,"error":1},"keyphraseInImageAlt":{"score":3,"maxScore":9,"error":1},"keywordDensity":{"score":0,"type":"low","maxScore":9,"error":1}}},"additional":[]},"primary_term":null,"canonical_url":null,"og_title":null,"og_description":null,"og_object_type":"default","og_image_type":"default","og_image_url":null,"og_image_width":null,"og_image_height":null,"og_image_custom_url":null,"og_image_custom_fields":null,"og_video":"","og_custom_url":null,"og_article_section":null,"og_article_tags":null,"twitter_use_og":false,"twitter_card":"default","twitter_image_type":"default","twitter_image_url":null,"twitter_image_custom_url":null,"twitter_image_custom_fields":null,"twitter_title":null,"twitter_description":null,"schema":{"blockGraphs":[],"customGraphs":[],"default":{"data":{"Article":[],"Course":[],"Dataset":[],"FAQPage":[],"Movie":[],"Person":[],"Product":[],"ProductReview":[],"Car":[],"Recipe":[],"Service":[],"SoftwareApplication":[],"WebPage":{"id":"aioseo-web-page-637f3bc5a2641","slug":"web-page","graphName":"WebPage","label":"Web Page","properties":{"type":"WebPage","name":"","description":""}}},"graphName":"WebPage","isEnabled":true},"graphs":[]},"schema_type":"default","schema_type_options":"{\"article\":{\"articleType\":\"BlogPosting\"},\"course\":{\"name\":\"\",\"description\":\"\",\"provider\":\"\"},\"faq\":{\"pages\":[]},\"product\":{\"reviews\":[]},\"recipe\":{\"ingredients\":[],\"instructions\":[],\"keywords\":[]},\"software\":{\"reviews\":[],\"operatingSystems\":[]},\"webPage\":{\"webPageType\":\"WebPage\"}}","pillar_content":false,"robots_default":true,"robots_noindex":false,"robots_noarchive":false,"robots_nosnippet":false,"robots_nofollow":false,"robots_noimageindex":false,"robots_noodp":false,"robots_notranslate":false,"robots_max_snippet":"-1","robots_max_videopreview":"-1","robots_max_imagepreview":"large","priority":null,"frequency":"default","local_seo":null,"breadcrumb_settings":null,"limit_modified_date":false,"ai":null,"created":"2021-04-18 14:34:12","updated":"2025-08-02 15:33:51","seo_analyzer_scan_date":null,"focus_keyword":"Ordnungs","additional_keywords":null,"truseo_locale":null},"aioseo_breadcrumb":"<div class=\"aioseo-breadcrumbs\"><span class=\"aioseo-breadcrumb\">\n\t\t\t<a href=\"https:\/\/organizsara.ch\" title=\"Home\">Home<\/a>\n\t\t<\/span><span class=\"aioseo-breadcrumb-separator\">&raquo;<\/span><span class=\"aioseo-breadcrumb\">\n\t\t\tBlog\n\t\t<\/span><\/div>","aioseo_breadcrumb_json":[{"label":"Home","link":"https:\/\/organizsara.ch"},{"label":"Blog","link":"https:\/\/organizsara.ch\/index.php\/blog\/"}],"_links":{"self":[{"href":"https:\/\/organizsara.ch\/index.php\/wp-json\/wp\/v2\/pages\/218","targetHints":{"allow":["GET"]}}],"collection":[{"href":"https:\/\/organizsara.ch\/index.php\/wp-json\/wp\/v2\/pages"}],"about":[{"href":"https:\/\/organizsara.ch\/index.php\/wp-json\/wp\/v2\/types\/page"}],"author":[{"embeddable":true,"href":"https:\/\/organizsara.ch\/index.php\/wp-json\/wp\/v2\/users\/1"}],"replies":[{"embeddable":true,"href":"https:\/\/organizsara.ch\/index.php\/wp-json\/wp\/v2\/comments?post=218"}],"version-history":[{"count":65,"href":"https:\/\/organizsara.ch\/index.php\/wp-json\/wp\/v2\/pages\/218\/revisions"}],"predecessor-version":[{"id":1449,"href":"https:\/\/organizsara.ch\/index.php\/wp-json\/wp\/v2\/pages\/218\/revisions\/1449"}],"wp:attachment":[{"href":"https:\/\/organizsara.ch\/index.php\/wp-json\/wp\/v2\/media?parent=218"}],"curies":[{"name":"wp","href":"https:\/\/api.w.org\/{rel}","templated":true}]}}