{"id":1304,"date":"2025-06-15T19:06:44","date_gmt":"2025-06-15T19:06:44","guid":{"rendered":"https:\/\/organizsara.ch\/?page_id=1304"},"modified":"2025-06-15T19:07:25","modified_gmt":"2025-06-15T19:07:25","slug":"ferienvorbereitungen","status":"publish","type":"page","link":"https:\/\/organizsara.ch\/index.php\/ferienvorbereitungen\/","title":{"rendered":"Ferienvorbereitungen"},"content":{"rendered":"\t\t<div data-elementor-type=\"wp-page\" data-elementor-id=\"1304\" class=\"elementor elementor-1304\">\n\t\t\t\t\t\t<section class=\"elementor-section elementor-top-section elementor-element elementor-element-5694d26c elementor-section-boxed elementor-section-height-default elementor-section-height-default\" data-id=\"5694d26c\" data-element_type=\"section\" data-e-type=\"section\">\n\t\t\t\t\t\t<div class=\"elementor-container elementor-column-gap-default\">\n\t\t\t\t\t<div class=\"elementor-column elementor-col-100 elementor-top-column elementor-element elementor-element-526a414a\" data-id=\"526a414a\" data-element_type=\"column\" data-e-type=\"column\">\n\t\t\t<div class=\"elementor-widget-wrap elementor-element-populated\">\n\t\t\t\t\t\t<div class=\"elementor-element elementor-element-593104ae elementor-widget elementor-widget-image\" data-id=\"593104ae\" data-element_type=\"widget\" data-e-type=\"widget\" data-widget_type=\"image.default\">\n\t\t\t\t<div class=\"elementor-widget-container\">\n\t\t\t\t\t\t\t\t\t\t\t\t\t\t\t<img fetchpriority=\"high\" decoding=\"async\" width=\"1024\" height=\"1024\" src=\"https:\/\/organizsara.ch\/wp-content\/uploads\/2025\/06\/pexels-kindelmedia-8212224-scaled-e1750011311114-1024x1024.jpg\" class=\"attachment-large size-large wp-image-1306\" alt=\"\" srcset=\"https:\/\/organizsara.ch\/wp-content\/uploads\/2025\/06\/pexels-kindelmedia-8212224-scaled-e1750011311114-1024x1024.jpg 1024w, https:\/\/organizsara.ch\/wp-content\/uploads\/2025\/06\/elementor\/thumbs\/pexels-kindelmedia-8212224-scaled-e1750011311114-r7cu2fnmiwvstqqa4rbynz32bx6pzrnumpgt16rbug.jpg 300w, https:\/\/organizsara.ch\/wp-content\/uploads\/2025\/06\/pexels-kindelmedia-8212224-scaled-e1750011311114-150x150.jpg 150w, https:\/\/organizsara.ch\/wp-content\/uploads\/2025\/06\/pexels-kindelmedia-8212224-scaled-e1750011311114-768x768.jpg 768w, https:\/\/organizsara.ch\/wp-content\/uploads\/2025\/06\/pexels-kindelmedia-8212224-scaled-e1750011311114-1536x1536.jpg 1536w, https:\/\/organizsara.ch\/wp-content\/uploads\/2025\/06\/pexels-kindelmedia-8212224-scaled-e1750011311114-500x500.jpg 500w, https:\/\/organizsara.ch\/wp-content\/uploads\/2025\/06\/pexels-kindelmedia-8212224-scaled-e1750011311114-575x575.jpg 575w, https:\/\/organizsara.ch\/wp-content\/uploads\/2025\/06\/pexels-kindelmedia-8212224-scaled-e1750011311114-600x600.jpg 600w, https:\/\/organizsara.ch\/wp-content\/uploads\/2025\/06\/pexels-kindelmedia-8212224-scaled-e1750011311114-800x800.jpg 800w, https:\/\/organizsara.ch\/wp-content\/uploads\/2025\/06\/pexels-kindelmedia-8212224-scaled-e1750011311114-100x100.jpg 100w, https:\/\/organizsara.ch\/wp-content\/uploads\/2025\/06\/pexels-kindelmedia-8212224-scaled-e1750011311114.jpg 1920w\" sizes=\"(max-width: 1024px) 100vw, 1024px\" \/>\t\t\t\t\t\t\t\t\t\t\t\t\t\t\t<\/div>\n\t\t\t\t<\/div>\n\t\t\t\t\t<\/div>\n\t\t<\/div>\n\t\t\t\t\t<\/div>\n\t\t<\/section>\n\t\t\t\t<section class=\"elementor-section elementor-top-section elementor-element elementor-element-7a8114c1 elementor-section-boxed elementor-section-height-default elementor-section-height-default\" data-id=\"7a8114c1\" data-element_type=\"section\" data-e-type=\"section\">\n\t\t\t\t\t\t<div class=\"elementor-container elementor-column-gap-default\">\n\t\t\t\t\t<div class=\"elementor-column elementor-col-100 elementor-top-column elementor-element elementor-element-766aebe5\" data-id=\"766aebe5\" data-element_type=\"column\" data-e-type=\"column\">\n\t\t\t<div class=\"elementor-widget-wrap elementor-element-populated\">\n\t\t\t\t\t\t<div class=\"elementor-element elementor-element-6c2eb57c elementor-widget elementor-widget-spacer\" data-id=\"6c2eb57c\" data-element_type=\"widget\" data-e-type=\"widget\" data-widget_type=\"spacer.default\">\n\t\t\t\t<div class=\"elementor-widget-container\">\n\t\t\t\t\t\t\t<div class=\"elementor-spacer\">\n\t\t\t<div class=\"elementor-spacer-inner\"><\/div>\n\t\t<\/div>\n\t\t\t\t\t\t<\/div>\n\t\t\t\t<\/div>\n\t\t\t\t<div class=\"elementor-element elementor-element-2aed05fc elementor-widget elementor-widget-heading\" data-id=\"2aed05fc\" data-element_type=\"widget\" data-e-type=\"widget\" data-widget_type=\"heading.default\">\n\t\t\t\t<div class=\"elementor-widget-container\">\n\t\t\t\t\t<h2 class=\"elementor-heading-title elementor-size-default\">Sommer, Sonne, Sonnenschein<\/h2>\t\t\t\t<\/div>\n\t\t\t\t<\/div>\n\t\t\t\t\t<\/div>\n\t\t<\/div>\n\t\t\t\t\t<\/div>\n\t\t<\/section>\n\t\t\t\t<section class=\"elementor-section elementor-top-section elementor-element elementor-element-605d8911 elementor-section-boxed elementor-section-height-default elementor-section-height-default\" data-id=\"605d8911\" data-element_type=\"section\" data-e-type=\"section\">\n\t\t\t\t\t\t<div class=\"elementor-container elementor-column-gap-default\">\n\t\t\t\t\t<div class=\"elementor-column elementor-col-100 elementor-top-column elementor-element elementor-element-428728b\" data-id=\"428728b\" data-element_type=\"column\" data-e-type=\"column\">\n\t\t\t<div class=\"elementor-widget-wrap elementor-element-populated\">\n\t\t\t\t\t\t<div class=\"elementor-element elementor-element-4b1064d6 elementor-widget elementor-widget-text-editor\" data-id=\"4b1064d6\" data-element_type=\"widget\" data-e-type=\"widget\" data-widget_type=\"text-editor.default\">\n\t\t\t\t<div class=\"elementor-widget-container\">\n\t\t\t\t\t\t\t\t\t<p>Die sch\u00f6nste Zeit des Jahres steht bevor \u2013 die Ferien! Doch bevor der Erholungsmodus starten kann, bringt die Vorbereitung oft Stress mit sich: Koffer packen, Unterlagen organisieren, nichts vergessen \u2026 Damit du entspannt in den Urlaub starten kannst, kommen hier f\u00fcnf einfache, aber wirkungsvoll Tipps f\u00fcr eine stressfreie Ferienvorbereitung.<\/p>\t\t\t\t\t\t\t\t<\/div>\n\t\t\t\t<\/div>\n\t\t\t\t<div class=\"elementor-element elementor-element-5ef2a423 elementor-widget elementor-widget-spacer\" data-id=\"5ef2a423\" data-element_type=\"widget\" data-e-type=\"widget\" data-widget_type=\"spacer.default\">\n\t\t\t\t<div class=\"elementor-widget-container\">\n\t\t\t\t\t\t\t<div class=\"elementor-spacer\">\n\t\t\t<div class=\"elementor-spacer-inner\"><\/div>\n\t\t<\/div>\n\t\t\t\t\t\t<\/div>\n\t\t\t\t<\/div>\n\t\t\t\t\t<\/div>\n\t\t<\/div>\n\t\t\t\t\t<\/div>\n\t\t<\/section>\n\t\t\t\t<section class=\"elementor-section elementor-top-section elementor-element elementor-element-783a29aa elementor-section-boxed elementor-section-height-default elementor-section-height-default\" data-id=\"783a29aa\" data-element_type=\"section\" data-e-type=\"section\">\n\t\t\t\t\t\t<div class=\"elementor-container elementor-column-gap-default\">\n\t\t\t\t\t<div class=\"elementor-column elementor-col-33 elementor-top-column elementor-element elementor-element-276948f5\" data-id=\"276948f5\" data-element_type=\"column\" data-e-type=\"column\">\n\t\t\t<div class=\"elementor-widget-wrap elementor-element-populated\">\n\t\t\t\t\t\t<div class=\"elementor-element elementor-element-3ab59a95 elementor-widget elementor-widget-image\" data-id=\"3ab59a95\" data-element_type=\"widget\" data-e-type=\"widget\" data-widget_type=\"image.default\">\n\t\t\t\t<div class=\"elementor-widget-container\">\n\t\t\t\t\t\t\t\t\t\t\t\t\t\t\t<img decoding=\"async\" src=\"https:\/\/organizsara.ch\/wp-content\/uploads\/elementor\/thumbs\/1-pf4xoablw663s7opyn42tr03yw9l0txa6iytogjxn4.png\" title=\"1\" alt=\"1\" loading=\"lazy\" \/>\t\t\t\t\t\t\t\t\t\t\t\t\t\t\t<\/div>\n\t\t\t\t<\/div>\n\t\t\t\t\t<\/div>\n\t\t<\/div>\n\t\t\t\t<div class=\"elementor-column elementor-col-66 elementor-top-column elementor-element elementor-element-977ea29\" data-id=\"977ea29\" data-element_type=\"column\" data-e-type=\"column\">\n\t\t\t<div class=\"elementor-widget-wrap elementor-element-populated\">\n\t\t\t\t\t\t<div class=\"elementor-element elementor-element-75bbd289 elementor-widget elementor-widget-heading\" data-id=\"75bbd289\" data-element_type=\"widget\" data-e-type=\"widget\" data-widget_type=\"heading.default\">\n\t\t\t\t<div class=\"elementor-widget-container\">\n\t\t\t\t\t<h2 class=\"elementor-heading-title elementor-size-default\">Fr\u00fchzeitig planen<\/h2>\t\t\t\t<\/div>\n\t\t\t\t<\/div>\n\t\t\t\t\t<\/div>\n\t\t<\/div>\n\t\t\t\t\t<\/div>\n\t\t<\/section>\n\t\t\t\t<section class=\"elementor-section elementor-top-section elementor-element elementor-element-40c5b374 elementor-section-boxed elementor-section-height-default elementor-section-height-default\" data-id=\"40c5b374\" data-element_type=\"section\" data-e-type=\"section\">\n\t\t\t\t\t\t<div class=\"elementor-container elementor-column-gap-default\">\n\t\t\t\t\t<div class=\"elementor-column elementor-col-100 elementor-top-column elementor-element elementor-element-6c21a5c7\" data-id=\"6c21a5c7\" data-element_type=\"column\" data-e-type=\"column\">\n\t\t\t<div class=\"elementor-widget-wrap elementor-element-populated\">\n\t\t\t\t\t\t<div class=\"elementor-element elementor-element-7380d316 elementor-widget elementor-widget-text-editor\" data-id=\"7380d316\" data-element_type=\"widget\" data-e-type=\"widget\" data-widget_type=\"text-editor.default\">\n\t\t\t\t<div class=\"elementor-widget-container\">\n\t\t\t\t\t\t\t\t\t<p>Je fr\u00fcher du mit der Vorbereitung beginnst, desto weniger ger\u00e4tst du unter Zeitdruck. Erstelle dir mindestens zwei Wochen vor Reisebeginn eine Checkliste mit allen wichtigen To-dos: Reisep\u00e4sse \u00fcberpr\u00fcfen, Versicherung kl\u00e4ren, W\u00e4hrung tauschen, Unterkunft best\u00e4tigen usw. So hast du einen klaren \u00dcberblick und kannst Hektik kurz vor Abreise vermeiden. Auch kurzfristige \u00dcberraschungen \u2013 wie eine abgelaufene Kreditkarte oder fehlender Impfnachweis \u2013 lassen sich dann noch rechtzeitig l\u00f6sen. Planung im Voraus schafft nicht nur Sicherheit, sondern steigert auch die Vorfreude. Klicke am besten gleich auf die Checkliste zu den Ferienvorbereitungen.<\/p>\t\t\t\t\t\t\t\t<\/div>\n\t\t\t\t<\/div>\n\t\t\t\t<div class=\"elementor-element elementor-element-970f2c7 elementor-align-center elementor-widget elementor-widget-button\" data-id=\"970f2c7\" data-element_type=\"widget\" data-e-type=\"widget\" data-widget_type=\"button.default\">\n\t\t\t\t<div class=\"elementor-widget-container\">\n\t\t\t\t\t\t\t\t\t<div class=\"elementor-button-wrapper\">\n\t\t\t\t\t<a class=\"elementor-button elementor-button-link elementor-size-sm\" href=\"https:\/\/organizsara.ch\/wp-content\/uploads\/2025\/06\/Checkliste-Ferien.pdf\">\n\t\t\t\t\t\t<span class=\"elementor-button-content-wrapper\">\n\t\t\t\t\t\t\t\t\t<span class=\"elementor-button-text\">Checkliste Ferienvorbereitungen<\/span>\n\t\t\t\t\t<\/span>\n\t\t\t\t\t<\/a>\n\t\t\t\t<\/div>\n\t\t\t\t\t\t\t\t<\/div>\n\t\t\t\t<\/div>\n\t\t\t\t<div class=\"elementor-element elementor-element-4e22515d elementor-widget elementor-widget-spacer\" data-id=\"4e22515d\" data-element_type=\"widget\" data-e-type=\"widget\" data-widget_type=\"spacer.default\">\n\t\t\t\t<div class=\"elementor-widget-container\">\n\t\t\t\t\t\t\t<div class=\"elementor-spacer\">\n\t\t\t<div class=\"elementor-spacer-inner\"><\/div>\n\t\t<\/div>\n\t\t\t\t\t\t<\/div>\n\t\t\t\t<\/div>\n\t\t\t\t\t<\/div>\n\t\t<\/div>\n\t\t\t\t\t<\/div>\n\t\t<\/section>\n\t\t\t\t<section class=\"elementor-section elementor-top-section elementor-element elementor-element-fa8e8af elementor-section-boxed elementor-section-height-default elementor-section-height-default\" data-id=\"fa8e8af\" data-element_type=\"section\" data-e-type=\"section\">\n\t\t\t\t\t\t<div class=\"elementor-container elementor-column-gap-default\">\n\t\t\t\t\t<div class=\"elementor-column elementor-col-100 elementor-top-column elementor-element elementor-element-46bc7fc\" data-id=\"46bc7fc\" data-element_type=\"column\" data-e-type=\"column\">\n\t\t\t<div class=\"elementor-widget-wrap\">\n\t\t\t\t\t\t\t<\/div>\n\t\t<\/div>\n\t\t\t\t\t<\/div>\n\t\t<\/section>\n\t\t\t\t<section class=\"elementor-section elementor-top-section elementor-element elementor-element-73095336 elementor-section-boxed elementor-section-height-default elementor-section-height-default\" data-id=\"73095336\" data-element_type=\"section\" data-e-type=\"section\">\n\t\t\t\t\t\t<div class=\"elementor-container elementor-column-gap-default\">\n\t\t\t\t\t<div class=\"elementor-column elementor-col-33 elementor-top-column elementor-element elementor-element-640698b6\" data-id=\"640698b6\" data-element_type=\"column\" data-e-type=\"column\">\n\t\t\t<div class=\"elementor-widget-wrap elementor-element-populated\">\n\t\t\t\t\t\t<div class=\"elementor-element elementor-element-6814bc71 elementor-widget elementor-widget-image\" data-id=\"6814bc71\" data-element_type=\"widget\" data-e-type=\"widget\" data-widget_type=\"image.default\">\n\t\t\t\t<div class=\"elementor-widget-container\">\n\t\t\t\t\t\t\t\t\t\t\t\t\t\t\t<img decoding=\"async\" src=\"https:\/\/organizsara.ch\/wp-content\/uploads\/elementor\/thumbs\/2-pf4xoe2ynib92nj9coql3q1ycfr1vmc7j1krlkecy8.png\" title=\"2\" alt=\"2\" loading=\"lazy\" \/>\t\t\t\t\t\t\t\t\t\t\t\t\t\t\t<\/div>\n\t\t\t\t<\/div>\n\t\t\t\t\t<\/div>\n\t\t<\/div>\n\t\t\t\t<div class=\"elementor-column elementor-col-66 elementor-top-column elementor-element elementor-element-533ef01c\" data-id=\"533ef01c\" data-element_type=\"column\" data-e-type=\"column\">\n\t\t\t<div class=\"elementor-widget-wrap elementor-element-populated\">\n\t\t\t\t\t\t<div class=\"elementor-element elementor-element-628729f5 elementor-widget elementor-widget-heading\" data-id=\"628729f5\" data-element_type=\"widget\" data-e-type=\"widget\" data-widget_type=\"heading.default\">\n\t\t\t\t<div class=\"elementor-widget-container\">\n\t\t\t\t\t<h2 class=\"elementor-heading-title elementor-size-default\">Packliste erstellen<\/h2>\t\t\t\t<\/div>\n\t\t\t\t<\/div>\n\t\t\t\t\t<\/div>\n\t\t<\/div>\n\t\t\t\t\t<\/div>\n\t\t<\/section>\n\t\t\t\t<section class=\"elementor-section elementor-top-section elementor-element elementor-element-2bbb9c9b elementor-section-boxed elementor-section-height-default elementor-section-height-default\" data-id=\"2bbb9c9b\" data-element_type=\"section\" data-e-type=\"section\">\n\t\t\t\t\t\t<div class=\"elementor-container elementor-column-gap-default\">\n\t\t\t\t\t<div class=\"elementor-column elementor-col-100 elementor-top-column elementor-element elementor-element-58d466e7\" data-id=\"58d466e7\" data-element_type=\"column\" data-e-type=\"column\">\n\t\t\t<div class=\"elementor-widget-wrap elementor-element-populated\">\n\t\t\t\t\t\t<div class=\"elementor-element elementor-element-64630281 elementor-widget elementor-widget-text-editor\" data-id=\"64630281\" data-element_type=\"widget\" data-e-type=\"widget\" data-widget_type=\"text-editor.default\">\n\t\t\t\t<div class=\"elementor-widget-container\">\n\t\t\t\t\t\t\t\t\t<p>Eine Packliste ist Gold wert \u2013 besonders, wenn du mit mehreren Personen verreist. Notiere dir alle wichtigen Dinge nach Kategorien (Kleidung, Technik, Medikamente, Reisedokumente etc.). So l\u00e4ufst du nicht Gefahr, etwas Wichtiges zu vergessen, und kannst entspannt einen Haken nach dem anderen setzen. Ein guter Tipp: Notiere Dinge, die dir beim Alltag einfallen (z.\u202fB. Ladeger\u00e4t, Lieblingssonnenbrille) sofort in der Liste, auch wenn sie erst kurz vor Abreise gepackt werden. Wiederverwendbare Packlisten lassen sich auch digital speichern und f\u00fcr zuk\u00fcnftige Reisen leicht anpassen. Ebenfalls im Downloadbereich erwartet dich eine \u00fcbersichtliche Packliste f\u00fcr deinen Strandurlaub.<\/p>\t\t\t\t\t\t\t\t<\/div>\n\t\t\t\t<\/div>\n\t\t\t\t<div class=\"elementor-element elementor-element-9268b8b elementor-align-center elementor-widget elementor-widget-button\" data-id=\"9268b8b\" data-element_type=\"widget\" data-e-type=\"widget\" data-widget_type=\"button.default\">\n\t\t\t\t<div class=\"elementor-widget-container\">\n\t\t\t\t\t\t\t\t\t<div class=\"elementor-button-wrapper\">\n\t\t\t\t\t<a class=\"elementor-button elementor-button-link elementor-size-sm\" href=\"https:\/\/organizsara.ch\/wp-content\/uploads\/2025\/06\/Packliste-Ferien.pdf\">\n\t\t\t\t\t\t<span class=\"elementor-button-content-wrapper\">\n\t\t\t\t\t\t\t\t\t<span class=\"elementor-button-text\">Packliste<\/span>\n\t\t\t\t\t<\/span>\n\t\t\t\t\t<\/a>\n\t\t\t\t<\/div>\n\t\t\t\t\t\t\t\t<\/div>\n\t\t\t\t<\/div>\n\t\t\t\t<div class=\"elementor-element elementor-element-6682f858 elementor-widget elementor-widget-spacer\" data-id=\"6682f858\" data-element_type=\"widget\" data-e-type=\"widget\" data-widget_type=\"spacer.default\">\n\t\t\t\t<div class=\"elementor-widget-container\">\n\t\t\t\t\t\t\t<div class=\"elementor-spacer\">\n\t\t\t<div class=\"elementor-spacer-inner\"><\/div>\n\t\t<\/div>\n\t\t\t\t\t\t<\/div>\n\t\t\t\t<\/div>\n\t\t\t\t\t<\/div>\n\t\t<\/div>\n\t\t\t\t\t<\/div>\n\t\t<\/section>\n\t\t\t\t<section class=\"elementor-section elementor-top-section elementor-element elementor-element-2706039 elementor-section-boxed elementor-section-height-default elementor-section-height-default\" data-id=\"2706039\" data-element_type=\"section\" data-e-type=\"section\">\n\t\t\t\t\t\t<div class=\"elementor-container elementor-column-gap-default\">\n\t\t\t\t\t<div class=\"elementor-column elementor-col-33 elementor-top-column elementor-element elementor-element-56b7d906\" data-id=\"56b7d906\" data-element_type=\"column\" data-e-type=\"column\">\n\t\t\t<div class=\"elementor-widget-wrap elementor-element-populated\">\n\t\t\t\t\t\t<div class=\"elementor-element elementor-element-6cbeb74c elementor-widget elementor-widget-image\" data-id=\"6cbeb74c\" data-element_type=\"widget\" data-e-type=\"widget\" data-widget_type=\"image.default\">\n\t\t\t\t<div class=\"elementor-widget-container\">\n\t\t\t\t\t\t\t\t\t\t\t\t\t\t\t<img decoding=\"async\" src=\"https:\/\/organizsara.ch\/wp-content\/uploads\/elementor\/thumbs\/3-pf4xohubeuged3dsqqd3dp3spz8iqer4vk6pio8s9c.png\" title=\"3\" alt=\"3\" loading=\"lazy\" \/>\t\t\t\t\t\t\t\t\t\t\t\t\t\t\t<\/div>\n\t\t\t\t<\/div>\n\t\t\t\t\t<\/div>\n\t\t<\/div>\n\t\t\t\t<div class=\"elementor-column elementor-col-66 elementor-top-column elementor-element elementor-element-6cd9a445\" data-id=\"6cd9a445\" data-element_type=\"column\" data-e-type=\"column\">\n\t\t\t<div class=\"elementor-widget-wrap elementor-element-populated\">\n\t\t\t\t\t\t<div class=\"elementor-element elementor-element-3e286cca elementor-widget elementor-widget-heading\" data-id=\"3e286cca\" data-element_type=\"widget\" data-e-type=\"widget\" data-widget_type=\"heading.default\">\n\t\t\t\t<div class=\"elementor-widget-container\">\n\t\t\t\t\t<h2 class=\"elementor-heading-title elementor-size-default\">Digital ordnen<\/h2>\t\t\t\t<\/div>\n\t\t\t\t<\/div>\n\t\t\t\t\t<\/div>\n\t\t<\/div>\n\t\t\t\t\t<\/div>\n\t\t<\/section>\n\t\t\t\t<section class=\"elementor-section elementor-top-section elementor-element elementor-element-39af8c05 elementor-section-boxed elementor-section-height-default elementor-section-height-default\" data-id=\"39af8c05\" data-element_type=\"section\" data-e-type=\"section\">\n\t\t\t\t\t\t<div class=\"elementor-container elementor-column-gap-default\">\n\t\t\t\t\t<div class=\"elementor-column elementor-col-100 elementor-top-column elementor-element elementor-element-60017048\" data-id=\"60017048\" data-element_type=\"column\" data-e-type=\"column\">\n\t\t\t<div class=\"elementor-widget-wrap elementor-element-populated\">\n\t\t\t\t\t\t<div class=\"elementor-element elementor-element-2feffdde elementor-widget elementor-widget-text-editor\" data-id=\"2feffdde\" data-element_type=\"widget\" data-e-type=\"widget\" data-widget_type=\"text-editor.default\">\n\t\t\t\t<div class=\"elementor-widget-container\">\n\t\t\t\t\t\t\t\t\t<p>Organisiere alle wichtigen Dokumente auch digital. Scanne deinen Reisepass, Buchungsbest\u00e4tigungen, Versicherungsunterlagen und speichere sie in der Cloud oder auf deinem Smartphone. Das spart Nerven, falls etwas verloren geht, und hilft bei spontanen \u00c4nderungen. Viele Airlines und Hotels akzeptieren inzwischen digitale Unterlagen, was das Reisen noch komfortabler macht. Eine Backup-E-Mail an dich selbst mit allen relevanten Infos ist ebenfalls eine gute Idee f\u00fcr den Notfall.<\/p>\t\t\t\t\t\t\t\t<\/div>\n\t\t\t\t<\/div>\n\t\t\t\t<div class=\"elementor-element elementor-element-50922dbf elementor-widget elementor-widget-spacer\" data-id=\"50922dbf\" data-element_type=\"widget\" data-e-type=\"widget\" data-widget_type=\"spacer.default\">\n\t\t\t\t<div class=\"elementor-widget-container\">\n\t\t\t\t\t\t\t<div class=\"elementor-spacer\">\n\t\t\t<div class=\"elementor-spacer-inner\"><\/div>\n\t\t<\/div>\n\t\t\t\t\t\t<\/div>\n\t\t\t\t<\/div>\n\t\t\t\t\t<\/div>\n\t\t<\/div>\n\t\t\t\t\t<\/div>\n\t\t<\/section>\n\t\t\t\t<section class=\"elementor-section elementor-top-section elementor-element elementor-element-278269c8 elementor-section-boxed elementor-section-height-default elementor-section-height-default\" data-id=\"278269c8\" data-element_type=\"section\" data-e-type=\"section\">\n\t\t\t\t\t\t<div class=\"elementor-container elementor-column-gap-default\">\n\t\t\t\t\t<div class=\"elementor-column elementor-col-33 elementor-top-column elementor-element elementor-element-1e69bc9e\" data-id=\"1e69bc9e\" data-element_type=\"column\" data-e-type=\"column\">\n\t\t\t<div class=\"elementor-widget-wrap elementor-element-populated\">\n\t\t\t\t\t\t<div class=\"elementor-element elementor-element-2ad5c17c elementor-widget elementor-widget-image\" data-id=\"2ad5c17c\" data-element_type=\"widget\" data-e-type=\"widget\" data-widget_type=\"image.default\">\n\t\t\t\t<div class=\"elementor-widget-container\">\n\t\t\t\t\t\t\t\t\t\t\t\t\t\t\t<img decoding=\"async\" src=\"https:\/\/organizsara.ch\/wp-content\/uploads\/elementor\/thumbs\/4-pf4xo6k94u0yhru6klhkjry9lcs461icu0cvrcpic0.png\" title=\"4\" alt=\"4\" loading=\"lazy\" \/>\t\t\t\t\t\t\t\t\t\t\t\t\t\t\t<\/div>\n\t\t\t\t<\/div>\n\t\t\t\t\t<\/div>\n\t\t<\/div>\n\t\t\t\t<div class=\"elementor-column elementor-col-66 elementor-top-column elementor-element elementor-element-221c4483\" data-id=\"221c4483\" data-element_type=\"column\" data-e-type=\"column\">\n\t\t\t<div class=\"elementor-widget-wrap elementor-element-populated\">\n\t\t\t\t\t\t<div class=\"elementor-element elementor-element-63512134 elementor-widget elementor-widget-heading\" data-id=\"63512134\" data-element_type=\"widget\" data-e-type=\"widget\" data-widget_type=\"heading.default\">\n\t\t\t\t<div class=\"elementor-widget-container\">\n\t\t\t\t\t<h2 class=\"elementor-heading-title elementor-size-default\">Offene Aufgaben regeln<\/h2>\t\t\t\t<\/div>\n\t\t\t\t<\/div>\n\t\t\t\t\t<\/div>\n\t\t<\/div>\n\t\t\t\t\t<\/div>\n\t\t<\/section>\n\t\t\t\t<section class=\"elementor-section elementor-top-section elementor-element elementor-element-7f6d6608 elementor-section-boxed elementor-section-height-default elementor-section-height-default\" data-id=\"7f6d6608\" data-element_type=\"section\" data-e-type=\"section\">\n\t\t\t\t\t\t<div class=\"elementor-container elementor-column-gap-default\">\n\t\t\t\t\t<div class=\"elementor-column elementor-col-100 elementor-top-column elementor-element elementor-element-65d1bfb4\" data-id=\"65d1bfb4\" data-element_type=\"column\" data-e-type=\"column\">\n\t\t\t<div class=\"elementor-widget-wrap elementor-element-populated\">\n\t\t\t\t\t\t<div class=\"elementor-element elementor-element-7a355429 elementor-widget elementor-widget-text-editor\" data-id=\"7a355429\" data-element_type=\"widget\" data-e-type=\"widget\" data-widget_type=\"text-editor.default\">\n\t\t\t\t<div class=\"elementor-widget-container\">\n\t\t\t\t\t\t\t\t\t<p>Den Briefkasten leeren lassen, die Blumen gie\u00dfen, Haustiere versorgen \u2013 all das sollte rechtzeitig organisiert werden. Frag Nachbarn, Freunde oder Familie um Unterst\u00fctzung oder plane Services ein. Auch ein letzter Blick auf offene Rechnungen oder Termine hilft, mit freiem Kopf abzureisen. Wer sich w\u00e4hrend des Urlaubs nicht st\u00e4ndig fragt, ob zu Hause alles in Ordnung ist, kann sich viel besser entspannen. Ein einfacher Haushaltsplan f\u00fcr die letzten Tage vor der Abreise hilft, nichts zu \u00fcbersehen.<\/p>\t\t\t\t\t\t\t\t<\/div>\n\t\t\t\t<\/div>\n\t\t\t\t<div class=\"elementor-element elementor-element-795ac4f7 elementor-widget elementor-widget-spacer\" data-id=\"795ac4f7\" data-element_type=\"widget\" data-e-type=\"widget\" data-widget_type=\"spacer.default\">\n\t\t\t\t<div class=\"elementor-widget-container\">\n\t\t\t\t\t\t\t<div class=\"elementor-spacer\">\n\t\t\t<div class=\"elementor-spacer-inner\"><\/div>\n\t\t<\/div>\n\t\t\t\t\t\t<\/div>\n\t\t\t\t<\/div>\n\t\t\t\t\t<\/div>\n\t\t<\/div>\n\t\t\t\t\t<\/div>\n\t\t<\/section>\n\t\t\t\t<section class=\"elementor-section elementor-top-section elementor-element elementor-element-268a7fee elementor-section-boxed elementor-section-height-default elementor-section-height-default\" data-id=\"268a7fee\" data-element_type=\"section\" data-e-type=\"section\">\n\t\t\t\t\t\t<div class=\"elementor-container elementor-column-gap-default\">\n\t\t\t\t\t<div class=\"elementor-column elementor-col-33 elementor-top-column elementor-element elementor-element-6cc568dd\" data-id=\"6cc568dd\" data-element_type=\"column\" data-e-type=\"column\">\n\t\t\t<div class=\"elementor-widget-wrap elementor-element-populated\">\n\t\t\t\t\t\t<div class=\"elementor-element elementor-element-2044f597 elementor-widget elementor-widget-image\" data-id=\"2044f597\" data-element_type=\"widget\" data-e-type=\"widget\" data-widget_type=\"image.default\">\n\t\t\t\t<div class=\"elementor-widget-container\">\n\t\t\t\t\t\t\t\t\t\t\t\t\t\t\t<img decoding=\"async\" src=\"https:\/\/organizsara.ch\/wp-content\/uploads\/elementor\/thumbs\/5-pf4xo2swdhvt7bzn6jv29swf7tanb93fhhqxu8v30w.png\" title=\"5\" alt=\"5\" loading=\"lazy\" \/>\t\t\t\t\t\t\t\t\t\t\t\t\t\t\t<\/div>\n\t\t\t\t<\/div>\n\t\t\t\t\t<\/div>\n\t\t<\/div>\n\t\t\t\t<div class=\"elementor-column elementor-col-66 elementor-top-column elementor-element elementor-element-5d2dc8e2\" data-id=\"5d2dc8e2\" data-element_type=\"column\" data-e-type=\"column\">\n\t\t\t<div class=\"elementor-widget-wrap elementor-element-populated\">\n\t\t\t\t\t\t<div class=\"elementor-element elementor-element-4b9b1e5a elementor-widget elementor-widget-heading\" data-id=\"4b9b1e5a\" data-element_type=\"widget\" data-e-type=\"widget\" data-widget_type=\"heading.default\">\n\t\t\t\t<div class=\"elementor-widget-container\">\n\t\t\t\t\t<h2 class=\"elementor-heading-title elementor-size-default\">Entschleunigen<\/h2>\t\t\t\t<\/div>\n\t\t\t\t<\/div>\n\t\t\t\t\t<\/div>\n\t\t<\/div>\n\t\t\t\t\t<\/div>\n\t\t<\/section>\n\t\t\t\t<section class=\"elementor-section elementor-top-section elementor-element elementor-element-a1d8d5d elementor-section-boxed elementor-section-height-default elementor-section-height-default\" data-id=\"a1d8d5d\" data-element_type=\"section\" data-e-type=\"section\">\n\t\t\t\t\t\t<div class=\"elementor-container elementor-column-gap-default\">\n\t\t\t\t\t<div class=\"elementor-column elementor-col-100 elementor-top-column elementor-element elementor-element-34080436\" data-id=\"34080436\" data-element_type=\"column\" data-e-type=\"column\">\n\t\t\t<div class=\"elementor-widget-wrap elementor-element-populated\">\n\t\t\t\t\t\t<div class=\"elementor-element elementor-element-38f788fb elementor-widget elementor-widget-text-editor\" data-id=\"38f788fb\" data-element_type=\"widget\" data-e-type=\"widget\" data-widget_type=\"text-editor.default\">\n\t\t\t\t<div class=\"elementor-widget-container\">\n\t\t\t\t\t\t\t\t\t<p>Stress entsteht oft, wenn der letzte Arbeitstag nahtlos in den Abreisetag \u00fcbergeht. G\u00f6nne dir idealerweise einen oder zwei freie Tage zwischen Job und Reise, um in Ruhe zu packen und mental anzukommen. Und plane am besten auch nach dem Urlaub etwas Pufferzeit zum Wiedereinstieg ein. So bleibt dein Erholungseffekt l\u00e4nger erhalten, und du startest ohne \u00dcberforderung in den Alltag. Wer mit Gelassenheit reist, genie\u00dft mehr \u2013 schon vom ersten Moment an.<\/p>\t\t\t\t\t\t\t\t<\/div>\n\t\t\t\t<\/div>\n\t\t\t\t\t<\/div>\n\t\t<\/div>\n\t\t\t\t\t<\/div>\n\t\t<\/section>\n\t\t\t\t<section class=\"elementor-section elementor-top-section elementor-element elementor-element-450679 elementor-section-boxed elementor-section-height-default elementor-section-height-default\" data-id=\"450679\" data-element_type=\"section\" data-e-type=\"section\">\n\t\t\t\t\t\t<div class=\"elementor-container elementor-column-gap-default\">\n\t\t\t\t\t<div class=\"elementor-column elementor-col-100 elementor-top-column elementor-element elementor-element-491f68af\" data-id=\"491f68af\" data-element_type=\"column\" data-e-type=\"column\">\n\t\t\t<div class=\"elementor-widget-wrap elementor-element-populated\">\n\t\t\t\t\t\t<div class=\"elementor-element elementor-element-78fea750 elementor-widget elementor-widget-text-editor\" data-id=\"78fea750\" data-element_type=\"widget\" data-e-type=\"widget\" data-widget_type=\"text-editor.default\">\n\t\t\t\t<div class=\"elementor-widget-container\">\n\t\t\t\t\t\t\t\t\t<p>Fazit: Mit ein bisschen Struktur und Voraussicht kann die Ferienvorbereitung fast genauso entspannt sein wie der Urlaub selbst. Wer rechtzeitig plant, bleibt gelassen \u2013 und startet mit Vorfreude statt mit Stress in die wohlverdiente Auszeit.<\/p>\t\t\t\t\t\t\t\t<\/div>\n\t\t\t\t<\/div>\n\t\t\t\t\t<\/div>\n\t\t<\/div>\n\t\t\t\t\t<\/div>\n\t\t<\/section>\n\t\t\t\t<section class=\"elementor-section elementor-top-section elementor-element elementor-element-5e7d77f3 elementor-section-boxed elementor-section-height-default elementor-section-height-default\" data-id=\"5e7d77f3\" data-element_type=\"section\" data-e-type=\"section\">\n\t\t\t\t\t\t<div class=\"elementor-container elementor-column-gap-default\">\n\t\t\t\t\t<div class=\"elementor-column elementor-col-100 elementor-top-column elementor-element elementor-element-4f16d775\" data-id=\"4f16d775\" data-element_type=\"column\" data-e-type=\"column\">\n\t\t\t<div class=\"elementor-widget-wrap elementor-element-populated\">\n\t\t\t\t\t\t<div class=\"elementor-element elementor-element-2b2a5133 elementor-widget elementor-widget-image\" data-id=\"2b2a5133\" data-element_type=\"widget\" data-e-type=\"widget\" data-widget_type=\"image.default\">\n\t\t\t\t<div class=\"elementor-widget-container\">\n\t\t\t\t\t\t\t\t\t\t\t\t\t\t\t<img decoding=\"async\" width=\"1024\" height=\"768\" src=\"https:\/\/organizsara.ch\/wp-content\/uploads\/2025\/06\/pexels-kindelmedia-8276910-1024x768.jpg\" class=\"attachment-large size-large wp-image-1307\" alt=\"\" srcset=\"https:\/\/organizsara.ch\/wp-content\/uploads\/2025\/06\/pexels-kindelmedia-8276910-1024x768.jpg 1024w, https:\/\/organizsara.ch\/wp-content\/uploads\/2025\/06\/pexels-kindelmedia-8276910-300x225.jpg 300w, https:\/\/organizsara.ch\/wp-content\/uploads\/2025\/06\/pexels-kindelmedia-8276910-768x576.jpg 768w, https:\/\/organizsara.ch\/wp-content\/uploads\/2025\/06\/pexels-kindelmedia-8276910-1536x1152.jpg 1536w, https:\/\/organizsara.ch\/wp-content\/uploads\/2025\/06\/pexels-kindelmedia-8276910-2048x1536.jpg 2048w, https:\/\/organizsara.ch\/wp-content\/uploads\/2025\/06\/pexels-kindelmedia-8276910-500x375.jpg 500w, https:\/\/organizsara.ch\/wp-content\/uploads\/2025\/06\/pexels-kindelmedia-8276910-800x600.jpg 800w\" sizes=\"(max-width: 1024px) 100vw, 1024px\" \/>\t\t\t\t\t\t\t\t\t\t\t\t\t\t\t<\/div>\n\t\t\t\t<\/div>\n\t\t\t\t\t<\/div>\n\t\t<\/div>\n\t\t\t\t\t<\/div>\n\t\t<\/section>\n\t\t\t\t<\/div>\n\t\t","protected":false},"excerpt":{"rendered":"<p>Sommer, Sonne, Sonnenschein Die sch\u00f6nste Zeit des Jahres steht bevor \u2013 die Ferien! Doch bevor der Erholungsmodus starten kann, bringt die Vorbereitung oft Stress mit sich: Koffer packen, Unterlagen organisieren, nichts vergessen \u2026 Damit du entspannt in den Urlaub starten kannst, kommen hier f\u00fcnf einfache, aber wirkungsvoll Tipps f\u00fcr eine stressfreie Ferienvorbereitung. Fr\u00fchzeitig planen Je fr\u00fcher du mit der Vorbereitung beginnst, desto weniger ger\u00e4tst du unter Zeitdruck. Erstelle dir mindestens zwei Wochen vor Reisebeginn eine Checkliste mit allen wichtigen To-dos: Reisep\u00e4sse \u00fcberpr\u00fcfen, Versicherung kl\u00e4ren, W\u00e4hrung tauschen, Unterkunft best\u00e4tigen usw. So hast du einen klaren \u00dcberblick und kannst Hektik kurz vor [&hellip;]<\/p>\n","protected":false},"author":2,"featured_media":0,"parent":0,"menu_order":0,"comment_status":"closed","ping_status":"closed","template":"","meta":{"om_disable_all_campaigns":false,"wprm-recipe-roundup-name":"","wprm-recipe-roundup-description":"","_monsterinsights_skip_tracking":false,"footnotes":""},"class_list":["post-1304","page","type-page","status-publish","hentry"],"aioseo_notices":[],"aioseo_head":"\n\t\t<!-- All in One SEO 5.0.1.1 - aioseo.com -->\n\t<meta name=\"description\" content=\"Sommer, Sonne, Sonnenschein Die sch\u00f6nste Zeit des Jahres steht bevor \u2013 die Ferien! Doch bevor der Erholungsmodus starten kann, bringt die Vorbereitung oft Stress mit sich: Koffer packen, Unterlagen organisieren, nichts vergessen \u2026 Damit du entspannt in den Urlaub starten kannst, kommen hier f\u00fcnf einfache, aber wirkungsvoll Tipps f\u00fcr eine stressfreie Ferienvorbereitung. Fr\u00fchzeitig planen Je\" \/>\n\t<meta name=\"robots\" content=\"max-image-preview:large\" \/>\n\t<meta name=\"google-site-verification\" content=\"jYZM4egHslr9LHL8isfgCObmKVl72TXI11uZtIgu2KY\" \/>\n\t<link rel=\"canonical\" href=\"https:\/\/organizsara.ch\/index.php\/ferienvorbereitungen\/\" \/>\n\t<meta name=\"generator\" content=\"All in One SEO (AIOSEO) 5.0.1.1\" \/>\n\t\t<meta property=\"og:locale\" content=\"de_DE\" \/>\n\t\t<meta property=\"og:site_name\" content=\"Organizsara - Just another WordPress site\" \/>\n\t\t<meta property=\"og:type\" content=\"article\" \/>\n\t\t<meta property=\"og:title\" content=\"Ferienvorbereitungen - Organizsara\" \/>\n\t\t<meta property=\"og:description\" content=\"Sommer, Sonne, Sonnenschein Die sch\u00f6nste Zeit des Jahres steht bevor \u2013 die Ferien! Doch bevor der Erholungsmodus starten kann, bringt die Vorbereitung oft Stress mit sich: Koffer packen, Unterlagen organisieren, nichts vergessen \u2026 Damit du entspannt in den Urlaub starten kannst, kommen hier f\u00fcnf einfache, aber wirkungsvoll Tipps f\u00fcr eine stressfreie Ferienvorbereitung. Fr\u00fchzeitig planen Je\" \/>\n\t\t<meta property=\"og:url\" content=\"https:\/\/organizsara.ch\/index.php\/ferienvorbereitungen\/\" \/>\n\t\t<meta property=\"og:image\" content=\"https:\/\/organizsara.ch\/wp-content\/uploads\/2021\/04\/cropped-Logo_schlicht.png\" \/>\n\t\t<meta property=\"og:image:secure_url\" content=\"https:\/\/organizsara.ch\/wp-content\/uploads\/2021\/04\/cropped-Logo_schlicht.png\" \/>\n\t\t<meta property=\"article:published_time\" content=\"2025-06-15T19:06:44+00:00\" \/>\n\t\t<meta property=\"article:modified_time\" content=\"2025-06-15T19:07:25+00:00\" \/>\n\t\t<meta property=\"article:publisher\" content=\"https:\/\/www.facebook.com\/organizsara.ch\" \/>\n\t\t<meta name=\"twitter:card\" content=\"summary\" \/>\n\t\t<meta name=\"twitter:title\" content=\"Ferienvorbereitungen - Organizsara\" \/>\n\t\t<meta name=\"twitter:description\" content=\"Sommer, Sonne, Sonnenschein Die sch\u00f6nste Zeit des Jahres steht bevor \u2013 die Ferien! Doch bevor der Erholungsmodus starten kann, bringt die Vorbereitung oft Stress mit sich: Koffer packen, Unterlagen organisieren, nichts vergessen \u2026 Damit du entspannt in den Urlaub starten kannst, kommen hier f\u00fcnf einfache, aber wirkungsvoll Tipps f\u00fcr eine stressfreie Ferienvorbereitung. Fr\u00fchzeitig planen Je\" \/>\n\t\t<meta name=\"twitter:image\" content=\"https:\/\/organizsara.ch\/wp-content\/uploads\/2021\/04\/cropped-Logo_schlicht.png\" \/>\n\t\t<script type=\"application\/ld+json\" class=\"aioseo-schema\">\n\t\t\t{\"@context\":\"https:\\\/\\\/schema.org\",\"@graph\":[{\"@type\":\"BreadcrumbList\",\"@id\":\"https:\\\/\\\/organizsara.ch\\\/index.php\\\/ferienvorbereitungen\\\/#breadcrumblist\",\"itemListElement\":[{\"@type\":\"ListItem\",\"@id\":\"https:\\\/\\\/organizsara.ch#listItem\",\"position\":1,\"name\":\"Home\",\"item\":\"https:\\\/\\\/organizsara.ch\",\"nextItem\":{\"@type\":\"ListItem\",\"@id\":\"https:\\\/\\\/organizsara.ch\\\/index.php\\\/ferienvorbereitungen\\\/#listItem\",\"name\":\"Ferienvorbereitungen\"}},{\"@type\":\"ListItem\",\"@id\":\"https:\\\/\\\/organizsara.ch\\\/index.php\\\/ferienvorbereitungen\\\/#listItem\",\"position\":2,\"name\":\"Ferienvorbereitungen\",\"previousItem\":{\"@type\":\"ListItem\",\"@id\":\"https:\\\/\\\/organizsara.ch#listItem\",\"name\":\"Home\"}}]},{\"@type\":\"Organization\",\"@id\":\"https:\\\/\\\/organizsara.ch\\\/#organization\",\"name\":\"OrganizSara\",\"description\":\"Just another WordPress site Ich bin Sara Ritzmann, zertifizierte Ordnungscoachin aus Schaffhausen. Mit OrganizSara unterst\\u00fctze ich dich dabei, wieder Ordnung, Struktur und Klarheit in dein Zuhause oder dein Business zu bringen \\u2013 ganz individuell und mit System. Ob Kleiderschrank, K\\u00fcche, Keller oder Homeoffice: Gemeinsam schaffen wir nachhaltige Ordnung, die zu deinem Alltag passt. Ich begleite dich pers\\u00f6nlich, mit viel Feingef\\u00fchl und einem Blick f\\u00fcr praktische L\\u00f6sungen. \\ud83c\\udf3f Ordnung schaffen \\ud83e\\uddf9 Chaos bew\\u00e4ltigen \\ud83e\\uddfa Aufr\\u00e4umhilfe im Alltag \\ud83d\\udcbc Coaching f\\u00fcr Familien, Singles &amp; Unternehmen\",\"url\":\"https:\\\/\\\/organizsara.ch\\\/\",\"telephone\":\"+41774483638\",\"logo\":{\"@type\":\"ImageObject\",\"url\":\"https:\\\/\\\/organizsara.ch\\\/wp-content\\\/uploads\\\/2021\\\/04\\\/Logo_schlicht.png\",\"@id\":\"https:\\\/\\\/organizsara.ch\\\/index.php\\\/ferienvorbereitungen\\\/#organizationLogo\",\"width\":500,\"height\":500},\"image\":{\"@id\":\"https:\\\/\\\/organizsara.ch\\\/index.php\\\/ferienvorbereitungen\\\/#organizationLogo\"},\"sameAs\":[\"https:\\\/\\\/www.facebook.com\\\/organizsara.ch\",\"https:\\\/\\\/www.instagram.com\\\/organizsara.ch\\\/\"]},{\"@type\":\"WebPage\",\"@id\":\"https:\\\/\\\/organizsara.ch\\\/index.php\\\/ferienvorbereitungen\\\/#webpage\",\"url\":\"https:\\\/\\\/organizsara.ch\\\/index.php\\\/ferienvorbereitungen\\\/\",\"name\":\"Ferienvorbereitungen - Organizsara\",\"description\":\"Sommer, Sonne, Sonnenschein Die sch\\u00f6nste Zeit des Jahres steht bevor \\u2013 die Ferien! Doch bevor der Erholungsmodus starten kann, bringt die Vorbereitung oft Stress mit sich: Koffer packen, Unterlagen organisieren, nichts vergessen \\u2026 Damit du entspannt in den Urlaub starten kannst, kommen hier f\\u00fcnf einfache, aber wirkungsvoll Tipps f\\u00fcr eine stressfreie Ferienvorbereitung. Fr\\u00fchzeitig planen Je\",\"inLanguage\":\"de-DE\",\"isPartOf\":{\"@id\":\"https:\\\/\\\/organizsara.ch\\\/#website\"},\"breadcrumb\":{\"@id\":\"https:\\\/\\\/organizsara.ch\\\/index.php\\\/ferienvorbereitungen\\\/#breadcrumblist\"},\"datePublished\":\"2025-06-15T19:06:44+00:00\",\"dateModified\":\"2025-06-15T19:07:25+00:00\"},{\"@type\":\"WebSite\",\"@id\":\"https:\\\/\\\/organizsara.ch\\\/#website\",\"url\":\"https:\\\/\\\/organizsara.ch\\\/\",\"name\":\"Organizsara\",\"description\":\"Just another WordPress site\",\"inLanguage\":\"de-DE\",\"publisher\":{\"@id\":\"https:\\\/\\\/organizsara.ch\\\/#organization\"}}]}\n\t\t<\/script>\n\t\t<!-- All in One SEO -->\n\n","aioseo_head_json":{"title":"Ferienvorbereitungen - Organizsara","description":"Sommer, Sonne, Sonnenschein Die sch\u00f6nste Zeit des Jahres steht bevor \u2013 die Ferien! Doch bevor der Erholungsmodus starten kann, bringt die Vorbereitung oft Stress mit sich: Koffer packen, Unterlagen organisieren, nichts vergessen \u2026 Damit du entspannt in den Urlaub starten kannst, kommen hier f\u00fcnf einfache, aber wirkungsvoll Tipps f\u00fcr eine stressfreie Ferienvorbereitung. Fr\u00fchzeitig planen Je","canonical_url":"https:\/\/organizsara.ch\/index.php\/ferienvorbereitungen\/","robots":"max-image-preview:large","keywords":"","webmasterTools":{"google-site-verification":"jYZM4egHslr9LHL8isfgCObmKVl72TXI11uZtIgu2KY","miscellaneous":""},"schema":{"@context":"https:\/\/schema.org","@graph":[{"@type":"BreadcrumbList","@id":"https:\/\/organizsara.ch\/index.php\/ferienvorbereitungen\/#breadcrumblist","itemListElement":[{"@type":"ListItem","@id":"https:\/\/organizsara.ch#listItem","position":1,"name":"Home","item":"https:\/\/organizsara.ch","nextItem":{"@type":"ListItem","@id":"https:\/\/organizsara.ch\/index.php\/ferienvorbereitungen\/#listItem","name":"Ferienvorbereitungen"}},{"@type":"ListItem","@id":"https:\/\/organizsara.ch\/index.php\/ferienvorbereitungen\/#listItem","position":2,"name":"Ferienvorbereitungen","previousItem":{"@type":"ListItem","@id":"https:\/\/organizsara.ch#listItem","name":"Home"}}]},{"@type":"Organization","@id":"https:\/\/organizsara.ch\/#organization","name":"OrganizSara","description":"Just another WordPress site Ich bin Sara Ritzmann, zertifizierte Ordnungscoachin aus Schaffhausen. Mit OrganizSara unterst\u00fctze ich dich dabei, wieder Ordnung, Struktur und Klarheit in dein Zuhause oder dein Business zu bringen \u2013 ganz individuell und mit System. Ob Kleiderschrank, K\u00fcche, Keller oder Homeoffice: Gemeinsam schaffen wir nachhaltige Ordnung, die zu deinem Alltag passt. Ich begleite dich pers\u00f6nlich, mit viel Feingef\u00fchl und einem Blick f\u00fcr praktische L\u00f6sungen. \ud83c\udf3f Ordnung schaffen \ud83e\uddf9 Chaos bew\u00e4ltigen \ud83e\uddfa Aufr\u00e4umhilfe im Alltag \ud83d\udcbc Coaching f\u00fcr Familien, Singles &amp; Unternehmen","url":"https:\/\/organizsara.ch\/","telephone":"+41774483638","logo":{"@type":"ImageObject","url":"https:\/\/organizsara.ch\/wp-content\/uploads\/2021\/04\/Logo_schlicht.png","@id":"https:\/\/organizsara.ch\/index.php\/ferienvorbereitungen\/#organizationLogo","width":500,"height":500},"image":{"@id":"https:\/\/organizsara.ch\/index.php\/ferienvorbereitungen\/#organizationLogo"},"sameAs":["https:\/\/www.facebook.com\/organizsara.ch","https:\/\/www.instagram.com\/organizsara.ch\/"]},{"@type":"WebPage","@id":"https:\/\/organizsara.ch\/index.php\/ferienvorbereitungen\/#webpage","url":"https:\/\/organizsara.ch\/index.php\/ferienvorbereitungen\/","name":"Ferienvorbereitungen - Organizsara","description":"Sommer, Sonne, Sonnenschein Die sch\u00f6nste Zeit des Jahres steht bevor \u2013 die Ferien! Doch bevor der Erholungsmodus starten kann, bringt die Vorbereitung oft Stress mit sich: Koffer packen, Unterlagen organisieren, nichts vergessen \u2026 Damit du entspannt in den Urlaub starten kannst, kommen hier f\u00fcnf einfache, aber wirkungsvoll Tipps f\u00fcr eine stressfreie Ferienvorbereitung. Fr\u00fchzeitig planen Je","inLanguage":"de-DE","isPartOf":{"@id":"https:\/\/organizsara.ch\/#website"},"breadcrumb":{"@id":"https:\/\/organizsara.ch\/index.php\/ferienvorbereitungen\/#breadcrumblist"},"datePublished":"2025-06-15T19:06:44+00:00","dateModified":"2025-06-15T19:07:25+00:00"},{"@type":"WebSite","@id":"https:\/\/organizsara.ch\/#website","url":"https:\/\/organizsara.ch\/","name":"Organizsara","description":"Just another WordPress site","inLanguage":"de-DE","publisher":{"@id":"https:\/\/organizsara.ch\/#organization"}}]},"og:locale":"de_DE","og:site_name":"Organizsara - Just another WordPress site","og:type":"article","og:title":"Ferienvorbereitungen - Organizsara","og:description":"Sommer, Sonne, Sonnenschein Die sch\u00f6nste Zeit des Jahres steht bevor \u2013 die Ferien! Doch bevor der Erholungsmodus starten kann, bringt die Vorbereitung oft Stress mit sich: Koffer packen, Unterlagen organisieren, nichts vergessen \u2026 Damit du entspannt in den Urlaub starten kannst, kommen hier f\u00fcnf einfache, aber wirkungsvoll Tipps f\u00fcr eine stressfreie Ferienvorbereitung. Fr\u00fchzeitig planen Je","og:url":"https:\/\/organizsara.ch\/index.php\/ferienvorbereitungen\/","og:image":"https:\/\/organizsara.ch\/wp-content\/uploads\/2021\/04\/cropped-Logo_schlicht.png","og:image:secure_url":"https:\/\/organizsara.ch\/wp-content\/uploads\/2021\/04\/cropped-Logo_schlicht.png","article:published_time":"2025-06-15T19:06:44+00:00","article:modified_time":"2025-06-15T19:07:25+00:00","article:publisher":"https:\/\/www.facebook.com\/organizsara.ch","twitter:card":"summary","twitter:title":"Ferienvorbereitungen - Organizsara","twitter:description":"Sommer, Sonne, Sonnenschein Die sch\u00f6nste Zeit des Jahres steht bevor \u2013 die Ferien! Doch bevor der Erholungsmodus starten kann, bringt die Vorbereitung oft Stress mit sich: Koffer packen, Unterlagen organisieren, nichts vergessen \u2026 Damit du entspannt in den Urlaub starten kannst, kommen hier f\u00fcnf einfache, aber wirkungsvoll Tipps f\u00fcr eine stressfreie Ferienvorbereitung. Fr\u00fchzeitig planen Je","twitter:image":"https:\/\/organizsara.ch\/wp-content\/uploads\/2021\/04\/cropped-Logo_schlicht.png"},"aioseo_meta_data":{"post_id":"1304","title":null,"description":null,"keywords":null,"keyphrases":{"focus":{"keyphrase":"","score":0,"analysis":{"keyphraseInTitle":{"score":0,"maxScore":9,"error":1}}},"additional":[]},"primary_term":null,"canonical_url":null,"og_title":null,"og_description":null,"og_object_type":"default","og_image_type":"default","og_image_url":null,"og_image_width":null,"og_image_height":null,"og_image_custom_url":null,"og_image_custom_fields":null,"og_video":"","og_custom_url":null,"og_article_section":null,"og_article_tags":null,"twitter_use_og":false,"twitter_card":"default","twitter_image_type":"default","twitter_image_url":null,"twitter_image_custom_url":null,"twitter_image_custom_fields":null,"twitter_title":null,"twitter_description":null,"schema":{"blockGraphs":[],"customGraphs":[],"default":{"data":{"Article":[],"Course":[],"Dataset":[],"FAQPage":[],"Movie":[],"Person":[],"Product":[],"ProductReview":[],"Car":[],"Recipe":[],"Service":[],"SoftwareApplication":[],"WebPage":[]},"graphName":"WebPage","isEnabled":true},"graphs":[]},"schema_type":"default","schema_type_options":null,"pillar_content":false,"robots_default":true,"robots_noindex":false,"robots_noarchive":false,"robots_nosnippet":false,"robots_nofollow":false,"robots_noimageindex":false,"robots_noodp":false,"robots_notranslate":false,"robots_max_snippet":"-1","robots_max_videopreview":"-1","robots_max_imagepreview":"large","priority":null,"frequency":"default","local_seo":null,"breadcrumb_settings":null,"limit_modified_date":false,"ai":null,"created":"2025-06-15 18:16:16","updated":"2025-06-23 15:36:19","seo_analyzer_scan_date":null,"focus_keyword":null,"additional_keywords":null,"truseo_locale":null},"aioseo_breadcrumb":"<div class=\"aioseo-breadcrumbs\"><span class=\"aioseo-breadcrumb\">\n\t\t\t<a href=\"https:\/\/organizsara.ch\" title=\"Home\">Home<\/a>\n\t\t<\/span><span class=\"aioseo-breadcrumb-separator\">&raquo;<\/span><span class=\"aioseo-breadcrumb\">\n\t\t\tFerienvorbereitungen\n\t\t<\/span><\/div>","aioseo_breadcrumb_json":[{"label":"Home","link":"https:\/\/organizsara.ch"},{"label":"Ferienvorbereitungen","link":"https:\/\/organizsara.ch\/index.php\/ferienvorbereitungen\/"}],"_links":{"self":[{"href":"https:\/\/organizsara.ch\/index.php\/wp-json\/wp\/v2\/pages\/1304","targetHints":{"allow":["GET"]}}],"collection":[{"href":"https:\/\/organizsara.ch\/index.php\/wp-json\/wp\/v2\/pages"}],"about":[{"href":"https:\/\/organizsara.ch\/index.php\/wp-json\/wp\/v2\/types\/page"}],"author":[{"embeddable":true,"href":"https:\/\/organizsara.ch\/index.php\/wp-json\/wp\/v2\/users\/2"}],"replies":[{"embeddable":true,"href":"https:\/\/organizsara.ch\/index.php\/wp-json\/wp\/v2\/comments?post=1304"}],"version-history":[{"count":14,"href":"https:\/\/organizsara.ch\/index.php\/wp-json\/wp\/v2\/pages\/1304\/revisions"}],"predecessor-version":[{"id":1325,"href":"https:\/\/organizsara.ch\/index.php\/wp-json\/wp\/v2\/pages\/1304\/revisions\/1325"}],"wp:attachment":[{"href":"https:\/\/organizsara.ch\/index.php\/wp-json\/wp\/v2\/media?parent=1304"}],"curies":[{"name":"wp","href":"https:\/\/api.w.org\/{rel}","templated":true}]}}